{"id":2578,"date":"2025-04-10T08:16:34","date_gmt":"2025-04-10T06:16:34","guid":{"rendered":"https:\/\/www.mensch-und-kommunikation.de\/what-makes-us-tick\/"},"modified":"2025-05-28T10:23:13","modified_gmt":"2025-05-28T08:23:13","slug":"what-makes-us-tick","status":"publish","type":"page","link":"https:\/\/www.mensch-und-kommunikation.de\/en\/what-makes-us-tick\/","title":{"rendered":"What makes us tick"},"content":{"rendered":"<section id=\"block_2e0853b76bdf510d0398a567f934debb\" class=\"block header bg-no layout-3\">\n\n    <div class=\"container \">\n\n                        <div class=\"row h-100 pt-5\">\n            <div class=\"align-self-md-center col-md-5 pt-5\">\n                <div>\n                <h1>Change needs <span class=\"textbg-inner\">trust<\/span><\/h1>\n<p>In people, in processes and in the right support.<\/p>\n                <\/div>\n            <\/div>\n            \n                                <div class=\"col-md-6 offset-md-1 bildcol\">\n                <img loading=\"lazy\" decoding=\"async\" width=\"923\" height=\"840\" src=\"https:\/\/www.mensch-und-kommunikation.de\/wp-content\/uploads\/2025\/04\/Veraenderung-braucht-Vertrauen-923x840.webp\" class=\"\" alt=\"Leadtrainer Karsten St\u00f6lzen beim Vortrag\" \/>                <div>\n                        <\/div>\n    <\/div>\n<\/section>\n\n\n<section id=\"block_5a3eaf922cdde5e8d3d87186354f6b47\" class=\"block navigation\">\n    <div class=\"container pt-0 pb-0 bg-no\">\n        <div class=\"row mx-0\">\n        \n            <div class=\"col-md-6 col-lg\">\n                <a class=\"js-scroll-trigger\" href=\"#drive\">Drive<\/a>\n            <\/div>\n            \n        \n            <div class=\"col-md-6 col-lg\">\n                <a class=\"js-scroll-trigger\" href=\"#holding\">Posture<\/a>\n            <\/div>\n            \n        \n            <div class=\"col-md-6 col-lg\">\n                <a class=\"js-scroll-trigger\" href=\"#impact\">Impact<\/a>\n            <\/div>\n            \n        \n            <div class=\"col-md-6 col-lg\">\n                <a class=\"js-scroll-trigger\" href=\"#Roots\">Roots<\/a>\n            <\/div>\n            \n        \n            <div class=\"col-md-6 col-lg\">\n                <a class=\"js-scroll-trigger\" href=\"#team\">Team<\/a>\n            <\/div>\n            \n        \n            <div class=\"col-md-6 col-lg\">\n                <a class=\"js-scroll-trigger\" href=\"#contact\">Contact us<\/a>\n            <\/div>\n            \n                <\/div>                  \n    <\/div>\n<\/section>\n\n<section id=\"block_aa706b04f828276cc74dac543108ac3b\" class=\"block zweispalter\">\n    <div class=\"container pt-normal pb-0 bg-no\">\n        <div class=\"row sameheightbox\">\n                    <div class=\"col-lg-6 linke-spalte position-relative mb-5 mb-lg-0\">\n                <div class=\"module text \">\n        <h2><span class=\"textbg-inner\">Our drive:<\/span> Connecting the dots in Learning &amp; Development<\/h2>\n\n    <\/div>            <\/div>\n            <div class=\"col-lg-6 rechte-spalte position-relative\">\n                            <\/div>\n                    <\/div>\n    <\/div>\n<\/section>\n\n<section id=\"drive\" class=\"block zweispalter\">\n    <div class=\"container pt-0 pb-0 bg-no\">\n        <div class=\"row sameheightbox\">\n                    <div class=\"col-lg-6 linke-spalte position-relative mb-5 mb-lg-0\">\n                <div class=\"module text \">\n        <p>Leadership is constantly changing, and with it the demands placed on companies and people. We believe that <strong>real development occurs where knowledge meets trust, experience meets curiosity and flexibility meets individuality<\/strong>. <\/p>\n<p>Our mission is to empower leaders and teams to not only learn, but to live their skills in practice &#8211; with clarity, authenticity and impact. <strong>\u201cLearn. Develop. Grow.\u201d<\/strong> is more than our claim &#8211; it is our promise to create sustainable growth together with our clients.<\/p>\n\n    <\/div>            <\/div>\n            <div class=\"col-lg-6 rechte-spalte position-relative\">\n                <div class=\"module text \">\n        <h3>Our main drive springs:<\/h3>\n<ul class=\"blue-arrow\">\n<li><strong>10 years partner of Blanchard\u00ae<\/strong><br \/>\nThe world market leader in leadership training<\/li>\n<li><strong>International leadership programs<\/strong><br \/>\nFor SMEs in over 35 countries<\/li>\n<li><strong>We create learning environments that enable growth and make change sustainable<\/strong><\/li>\n<\/ul>\n\n    <\/div>            <\/div>\n                    <\/div>\n    <\/div>\n<\/section>\n\n<section id=\"holding\" class=\"block zweispalter\">\n    <div class=\"container pt-normal pb-0 bg-no\">\n        <div class=\"row sameheightbox\">\n                    <div class=\"col-lg-6 linke-spalte position-relative mb-5 mb-lg-0\">\n                <div class=\"module text \">\n        <h2><span class=\"textbg-inner\">Our attitude<\/span> &amp; values: Lead by trust<\/h2>\n<p>Our leadership is based on trust and psychological safety. We create an environment that facilitates openness, cooperation, health and appreciation. <\/p>\n\n    <\/div>            <\/div>\n            <div class=\"col-lg-6 rechte-spalte position-relative\">\n                            <\/div>\n                    <\/div>\n    <\/div>\n<\/section>\n\n<section id=\"block_80114c608579b7d27cdc47cb16920111\" class=\"block dreispalter\">\n   \n    <div class=\"container pt-0 pb-normal bg-no\">\n\n       \n        <div class=\"row sameheightbox\">\n                    <div class=\"col-lg-4 linke-spalte position-relative mb-5 mb-lg-0\">\n                <div class=\"my-5 abstand\">\n<\/div>\t<img loading=\"lazy\" decoding=\"async\" width=\"640\" height=\"469\" src=\"https:\/\/www.mensch-und-kommunikation.de\/wp-content\/uploads\/2025\/05\/mensch_und_kommunikation-learn-640x469.png\" class=\"attachment-zweispalter size-zweispalter\" alt=\"A woman with long hair smiles while looking at a computer screen. Above her, a green banner displays the word learn. The background shows shelves and a blurred workspace.\" srcset=\"https:\/\/www.mensch-und-kommunikation.de\/wp-content\/uploads\/2025\/05\/mensch_und_kommunikation-learn-640x469.png 640w, https:\/\/www.mensch-und-kommunikation.de\/wp-content\/uploads\/2025\/05\/mensch_und_kommunikation-learn-300x220.png 300w, https:\/\/www.mensch-und-kommunikation.de\/wp-content\/uploads\/2025\/05\/mensch_und_kommunikation-learn-768x563.png 768w, https:\/\/www.mensch-und-kommunikation.de\/wp-content\/uploads\/2025\/05\/mensch_und_kommunikation-learn-660x484.png 660w, https:\/\/www.mensch-und-kommunikation.de\/wp-content\/uploads\/2025\/05\/mensch_und_kommunikation-learn-260x191.png 260w, https:\/\/www.mensch-und-kommunikation.de\/wp-content\/uploads\/2025\/05\/mensch_und_kommunikation-learn.png 794w\" sizes=\"auto, (max-width: 640px) 100vw, 640px\" \/><div class=\"mb-5 abstand\">\n<\/div>\t<div class=\"module text \">\n        <h3>Learning and development:<\/h3>\n<p>Through lifelong learning and personal development, we develop our full potential and strengthen individual skills.<\/p>\n<h3>Diversity and strength:<\/h3>\n<p>Our diverse perspectives and experience lead to creative solutions and an inspiring learning environment.<\/p>\n<h3>Curiosity and creativity:<\/h3>\n<p>We always remain curious about tomorrow &#8211; this enables us to think and act beyond borders.<\/p>\n\n    <\/div>            <\/div>\n            <div class=\"col-lg-4 mittlere-spalte position-relative mb-5 mb-lg-0\">\n                <div class=\"mb-5 abstand\">\n<\/div>\t<img loading=\"lazy\" decoding=\"async\" width=\"640\" height=\"459\" src=\"https:\/\/www.mensch-und-kommunikation.de\/wp-content\/uploads\/2025\/05\/mensch_und_kommunikation-develop-640x459.png\" class=\"attachment-zweispalter size-zweispalter\" alt=\"Two women sitting on a white couch, smiling and talking to each other in a bright, modern office. A green banner above them displays the word develop.\" srcset=\"https:\/\/www.mensch-und-kommunikation.de\/wp-content\/uploads\/2025\/05\/mensch_und_kommunikation-develop-640x459.png 640w, https:\/\/www.mensch-und-kommunikation.de\/wp-content\/uploads\/2025\/05\/mensch_und_kommunikation-develop-300x215.png 300w, https:\/\/www.mensch-und-kommunikation.de\/wp-content\/uploads\/2025\/05\/mensch_und_kommunikation-develop-768x551.png 768w, https:\/\/www.mensch-und-kommunikation.de\/wp-content\/uploads\/2025\/05\/mensch_und_kommunikation-develop-660x474.png 660w, https:\/\/www.mensch-und-kommunikation.de\/wp-content\/uploads\/2025\/05\/mensch_und_kommunikation-develop-260x187.png 260w, https:\/\/www.mensch-und-kommunikation.de\/wp-content\/uploads\/2025\/05\/mensch_und_kommunikation-develop.png 794w\" sizes=\"auto, (max-width: 640px) 100vw, 640px\" \/><div class=\"mb-5 abstand\">\n<\/div>\t<div class=\"module text \">\n        <h3>Innovation and progress:<\/h3>\n<p>Innovation is the driver of progress. We are actively shaping the future of learning through constant development and the courage to try something new. <\/p>\n<h3>Vision and foresight:<\/h3>\n<p>In order to realize our vision, we act strategically and with foresight.<\/p>\n<h3>Quality and aspiration:<\/h3>\n<p>Quality is our benchmark. We set high standards with continuous improvement and a clear pursuit of excellence. <\/p>\n\n    <\/div>            <\/div>\n            <div class=\"col-lg-4 rechte-spalte position-relative\">\n                <img loading=\"lazy\" decoding=\"async\" width=\"640\" height=\"461\" src=\"https:\/\/www.mensch-und-kommunikation.de\/wp-content\/uploads\/2025\/05\/mensch_und_kommunikation-grow-640x461.png\" class=\"attachment-zweispalter size-zweispalter\" alt=\"A man speaks at a podium to an audience with raised hands, smiling and engaging with them. Above him is a green banner with the word grow. written in bold black letters.\" srcset=\"https:\/\/www.mensch-und-kommunikation.de\/wp-content\/uploads\/2025\/05\/mensch_und_kommunikation-grow-640x461.png 640w, https:\/\/www.mensch-und-kommunikation.de\/wp-content\/uploads\/2025\/05\/mensch_und_kommunikation-grow-300x216.png 300w, https:\/\/www.mensch-und-kommunikation.de\/wp-content\/uploads\/2025\/05\/mensch_und_kommunikation-grow-768x553.png 768w, https:\/\/www.mensch-und-kommunikation.de\/wp-content\/uploads\/2025\/05\/mensch_und_kommunikation-grow-660x475.png 660w, https:\/\/www.mensch-und-kommunikation.de\/wp-content\/uploads\/2025\/05\/mensch_und_kommunikation-grow-260x187.png 260w, https:\/\/www.mensch-und-kommunikation.de\/wp-content\/uploads\/2025\/05\/mensch_und_kommunikation-grow.png 794w\" sizes=\"auto, (max-width: 640px) 100vw, 640px\" \/><div class=\"mb-4 abstand\">\n<\/div>\t<div class=\"module text \">\n        <h3>Trust and cooperation:<\/h3>\n<p>We care for each other. Our basis is trust and appreciation, which allows everyone to grow individually. <\/p>\n<h3>Balance and flexibility:<\/h3>\n<p>A flexible working environment is a prerequisite for each individual to be able to make the best possible contribution and work in balance.<\/p>\n<h3>Customer satisfaction and team play:<\/h3>\n<p>The satisfaction of our customers is our top priority. We listen, respond quickly and build long-term relationships. <\/p>\n\n    <\/div>            <\/div>\n                    <\/div>\n    <\/div>\n<\/section>\n\n<section id=\"impact\" class=\"block news-teaser\">\n    <div class=\"container pt-normal pb-normal bg-no\">\n        <div class=\"row\">\n            <div class=\"col-lg-5\">\n                <h2>Our <span class=\"textbg-inner\">impact<\/span><\/h2>\n<p>Our work has an impact &#8211; in the development of managers, the quality of our training and the trust of our clients. Here we share the successes that characterize our work and ensure sustainable change in companies. <\/p>\n            <\/div>\n            <div class=\"col-lg-4 offset-lg-3 align-self-end position-relative all-posts text-lg-end\">\n                            <\/div>\n            <div class=\"col-12 mt-4\">\n                <div class=\"slider sameheightbox\" id=\"slider-impact\" data-slick='{\"arrows\": false, \"autoplay\": false, \"slidesToShow\": 3,\"responsive\": [{\"breakpoint\":1400,\"settings\":{\"slidesToShow\": 3}},{\"breakpoint\":1200,\"settings\":{\"slidesToShow\": 2}},{\"breakpoint\":768,\"settings\":{\"slidesToShow\": 1}}]}'>   \n            <div>\n               <a class=\"\" href=\"https:\/\/www.mensch-und-kommunikation.de\/en\/2025\/11\/20\/german-education-award-2024-2025-2\/\">                                <div class=\"item sameheightitem \">\n                               \n                                    <div class=\"image\"><img loading=\"lazy\" decoding=\"async\" width=\"1\" height=\"1\" src=\"https:\/\/www.mensch-und-kommunikation.de\/wp-content\/uploads\/2025\/11\/MASTER_DBA-2025_2026.svg\" class=\"attachment-news-bild size-news-bild\" alt=\"Eine runde Plakette mit dem roten ntv-Logo im oberen Bereich hebt den Deutschen Bildungs-Award 2025\/2026 in fetten schwarzen Buchstaben hervor. Darunter steht das Deutsche Institut f\u00fcr Service-Qualit\u00e4t.\" \/><\/div>                                \n                                <div class=\"cat Award\">Award<\/div>                                <div class=\"textbox\">\n                                                                        <h3>German Education Award 2024\/2025<\/h3>\n                                    <div class=\"datum\">20.11.2025<\/div>                                    <div class=\"excerpt\"><p>mensch &#038; kommunikation also wins the German Education Award in the \u201cExecutive training\u201d category in 2024\/2025.<\/p>\n<\/div>\n                                                                    <\/div>\n                                <a class=\"more\" href=\"https:\/\/www.mensch-und-kommunikation.de\/en\/2025\/11\/20\/german-education-award-2024-2025-2\/\"><svg xmlns=\"http:\/\/www.w3.org\/2000\/svg\" width=\"39\" height=\"39\" viewBox=\"0 0 39 39\">\n  <g id=\"Group_95\" data-name=\"Group 95\" transform=\"translate(-379 -8933)\">\n    <circle id=\"Ellipse_76\" data-name=\"Ellipse 76\" cx=\"19.5\" cy=\"19.5\" r=\"19.5\" transform=\"translate(379 8933)\" fill=\"#00a1d8\"\/>\n    <path id=\"Path_50\" data-name=\"Path 50\" d=\"M3878.419,293.358l7.886,7.886h4.171l-7.886-7.886,7.886-7.886h-4.171Z\" transform=\"translate(4282.948 9246.244) rotate(180)\" fill=\"#1a1a1a\"\/>\n  <\/g>\n<\/svg>\nRead Post<\/a>                            <\/div><\/a> <\/div>\n\t\t            <div>\n               <a class=\"\" href=\"https:\/\/www.mensch-und-kommunikation.de\/en\/2025\/04\/15\/german-education-award-2024-2025\/\">                                <div class=\"item sameheightitem \">\n                               \n                                    <div class=\"image\"><img loading=\"lazy\" decoding=\"async\" width=\"500\" height=\"350\" src=\"https:\/\/www.mensch-und-kommunikation.de\/wp-content\/uploads\/2025\/04\/Symbolbild-Award-500x350.webp\" class=\"attachment-news-bild size-news-bild\" alt=\"A clear glass star-shaped trophy sits on a white surface against a dark green background, illuminated by soft light.\" \/><\/div>                                \n                                <div class=\"cat Award\">Award<\/div>                                <div class=\"textbox\">\n                                                                        <h3>German Education Award 2024\/2025<\/h3>\n                                    <div class=\"datum\">15.4.2025<\/div>                                    <div class=\"excerpt\"><p>mensch &#038; kommunikation also wins the German Education Award in the \u201cExecutive training\u201d category in 2024\/2025.<\/p>\n<\/div>\n                                                                    <\/div>\n                                <a class=\"more\" href=\"https:\/\/www.mensch-und-kommunikation.de\/en\/2025\/04\/15\/german-education-award-2024-2025\/\"><svg xmlns=\"http:\/\/www.w3.org\/2000\/svg\" width=\"39\" height=\"39\" viewBox=\"0 0 39 39\">\n  <g id=\"Group_95\" data-name=\"Group 95\" transform=\"translate(-379 -8933)\">\n    <circle id=\"Ellipse_76\" data-name=\"Ellipse 76\" cx=\"19.5\" cy=\"19.5\" r=\"19.5\" transform=\"translate(379 8933)\" fill=\"#00a1d8\"\/>\n    <path id=\"Path_50\" data-name=\"Path 50\" d=\"M3878.419,293.358l7.886,7.886h4.171l-7.886-7.886,7.886-7.886h-4.171Z\" transform=\"translate(4282.948 9246.244) rotate(180)\" fill=\"#1a1a1a\"\/>\n  <\/g>\n<\/svg>\nRead Post<\/a>                            <\/div><\/a> <\/div>\n\t\t            <div>\n               <a class=\"\" href=\"https:\/\/www.mensch-und-kommunikation.de\/en\/2024\/01\/08\/mk-is-blanchard-global-partner-of-the-year\/\">                                <div class=\"item sameheightitem \">\n                               \n                                    <div class=\"image\"><img loading=\"lazy\" decoding=\"async\" width=\"500\" height=\"350\" src=\"https:\/\/www.mensch-und-kommunikation.de\/wp-content\/uploads\/2025\/03\/blanchard-logo-500x350.webp\" class=\"attachment-news-bild size-news-bild\" alt=\"The image shows a modern, interlocking blue and green b and d logo above the word blanchard in bold, lowercase navy blue letters, all on a light gray background.\" \/><\/div>                                \n                                <div class=\"cat Award\">Award<\/div>                                <div class=\"textbox\">\n                                                                        <h3>m&amp;k is Blanchard\u00ae Global Partner of the Year<\/h3>\n                                    <div class=\"datum\">8.1.2024<\/div>                                    <div class=\"excerpt\"><p>When excellent partnership makes an impact: Our work was awarded the title of <sup>Blanchard\u00ae<\/sup> Global Partner of the Year 2023.<\/p>\n<\/div>\n                                                                    <\/div>\n                                <a class=\"more\" href=\"https:\/\/www.mensch-und-kommunikation.de\/en\/2024\/01\/08\/mk-is-blanchard-global-partner-of-the-year\/\"><svg xmlns=\"http:\/\/www.w3.org\/2000\/svg\" width=\"39\" height=\"39\" viewBox=\"0 0 39 39\">\n  <g id=\"Group_95\" data-name=\"Group 95\" transform=\"translate(-379 -8933)\">\n    <circle id=\"Ellipse_76\" data-name=\"Ellipse 76\" cx=\"19.5\" cy=\"19.5\" r=\"19.5\" transform=\"translate(379 8933)\" fill=\"#00a1d8\"\/>\n    <path id=\"Path_50\" data-name=\"Path 50\" d=\"M3878.419,293.358l7.886,7.886h4.171l-7.886-7.886,7.886-7.886h-4.171Z\" transform=\"translate(4282.948 9246.244) rotate(180)\" fill=\"#1a1a1a\"\/>\n  <\/g>\n<\/svg>\nRead Post<\/a>                            <\/div><\/a> <\/div>\n\t\t                            <\/div>    <\/div>\n                <div class=\"col-lg-auto ms-auto mt-4 text-center d-xl-none\">\n                <div class=\"\">\n                    <div class=\"slider-controls\">\n    <button class=\"slider-control-prev me-2\" data-target=\"#slider-impact\"  data-slide=\"prev\" aria-label=\"Vorheriger Slide\">\n\t\t<span class=\"slider-control-prev-icon\" aria-hidden=\"true\"><svg xmlns=\"http:\/\/www.w3.org\/2000\/svg\" width=\"35\" height=\"35\" viewBox=\"0 0 35 35\">\n  <g id=\"Group_103\" data-name=\"Group 103\" transform=\"translate(1485 6587) rotate(180)\">\n    <circle id=\"Ellipse_62\" data-name=\"Ellipse 62\" cx=\"17.5\" cy=\"17.5\" r=\"17.5\" transform=\"translate(1450 6552)\" fill=\"#00a1d8\"\/>\n    <path id=\"Path_45\" data-name=\"Path 45\" d=\"M0,7.1l7.1,7.1h3.756l-7.1-7.1,7.1-7.1H7.1Z\" transform=\"translate(1472.986 6577.006) rotate(180)\" fill=\"#fff\"\/>\n  <\/g>\n<\/svg>\n<\/span>\n\t<\/button>\n\t<button class=\"slider-control-next\" data-target=\"#slider-impact\"  data-slide=\"next\" aria-label=\"N\u00e4chster Slide\">\n\t\t<span class=\"slider-control-next-icon\" aria-hidden=\"true\"><svg xmlns=\"http:\/\/www.w3.org\/2000\/svg\" width=\"35\" height=\"35\" viewBox=\"0 0 35 35\">\n  <g id=\"Group_104\" data-name=\"Group 104\" transform=\"translate(-1450 -6552)\">\n    <circle id=\"Ellipse_62\" data-name=\"Ellipse 62\" cx=\"17.5\" cy=\"17.5\" r=\"17.5\" transform=\"translate(1450 6552)\" fill=\"#00a1d8\"\/>\n    <path id=\"Path_45\" data-name=\"Path 45\" d=\"M0,7.1l7.1,7.1h3.756l-7.1-7.1,7.1-7.1H7.1Z\" transform=\"translate(1472.986 6577.006) rotate(180)\" fill=\"#fff\"\/>\n  <\/g>\n<\/svg>\n<\/span>\n\t<\/button>\n<\/div>                <\/div>\n            <\/div>\n        \n        <\/div>\n    <\/div>\n<\/section><section id=\"Roots\" class=\"block geschichte-slider\">\n    <div class=\"container pt-normal pb-normal bg-light\">\n        <div class=\"row sameheightbox\">\n            <div class=\"col-lg-6 pe-lg-5\">\n                <h2>Our <span class=\"textbg-inner\">roots<\/span><\/h2>\n<p>Our work has an impact &#8211; in the development of managers, the quality of our training and the trust of our clients. Here we share the successes that characterize our work and ensure sustainable change in companies. <\/p>\n            <\/div>\n            <div class=\"col-12 navi\">\n            \n                    <div class=\"slider\" id=\"navi-slider-Roots\" data-slick='{\"arrows\": false, \"autoplay\": false, \"slidesToShow\": 4, \"asNavFor\": \"#slider-Roots\", \"focusOnSelect\": true, \"infinite\": false, \"responsive\": [{\"breakpoint\":1200,\"settings\":{\"slidesToShow\": 3}},{\"breakpoint\":1000,\"settings\":{\"slidesToShow\": 2}}]}'>\n                                         <div class=\"navi-jahr\"><span>2011<\/span><\/div>\n                                        <div class=\"navi-jahr\"><span>2014<\/span><\/div>\n                                        <div class=\"navi-jahr\"><span>2017<\/span><\/div>\n                                        <div class=\"navi-jahr\"><span>2018<\/span><\/div>\n                                        <div class=\"navi-jahr\"><span>2020<\/span><\/div>\n                                        <div class=\"navi-jahr\"><span>2021<\/span><\/div>\n                                        <div class=\"navi-jahr\"><span>2023<\/span><\/div>\n                                        <div class=\"navi-jahr\"><span>2024<\/span><\/div>\n                                        <\/div>\n                    <div class=\"slider-controls\">\n    <button class=\"slider-control-prev me-2\" data-target=\"#slider-Roots\"  data-slide=\"prev\" aria-label=\"Vorheriger Slide\">\n\t\t<span class=\"slider-control-prev-icon\" aria-hidden=\"true\"><svg xmlns=\"http:\/\/www.w3.org\/2000\/svg\" width=\"35\" height=\"35\" viewBox=\"0 0 35 35\">\n  <g id=\"Group_103\" data-name=\"Group 103\" transform=\"translate(1485 6587) rotate(180)\">\n    <circle id=\"Ellipse_62\" data-name=\"Ellipse 62\" cx=\"17.5\" cy=\"17.5\" r=\"17.5\" transform=\"translate(1450 6552)\" fill=\"#00a1d8\"\/>\n    <path id=\"Path_45\" data-name=\"Path 45\" d=\"M0,7.1l7.1,7.1h3.756l-7.1-7.1,7.1-7.1H7.1Z\" transform=\"translate(1472.986 6577.006) rotate(180)\" fill=\"#fff\"\/>\n  <\/g>\n<\/svg>\n<\/span>\n\t<\/button>\n\t<button class=\"slider-control-next\" data-target=\"#slider-Roots\"  data-slide=\"next\" aria-label=\"N\u00e4chster Slide\">\n\t\t<span class=\"slider-control-next-icon\" aria-hidden=\"true\"><svg xmlns=\"http:\/\/www.w3.org\/2000\/svg\" width=\"35\" height=\"35\" viewBox=\"0 0 35 35\">\n  <g id=\"Group_104\" data-name=\"Group 104\" transform=\"translate(-1450 -6552)\">\n    <circle id=\"Ellipse_62\" data-name=\"Ellipse 62\" cx=\"17.5\" cy=\"17.5\" r=\"17.5\" transform=\"translate(1450 6552)\" fill=\"#00a1d8\"\/>\n    <path id=\"Path_45\" data-name=\"Path 45\" d=\"M0,7.1l7.1,7.1h3.756l-7.1-7.1,7.1-7.1H7.1Z\" transform=\"translate(1472.986 6577.006) rotate(180)\" fill=\"#fff\"\/>\n  <\/g>\n<\/svg>\n<\/span>\n\t<\/button>\n<\/div>            <\/div>\n            <div class=\"col-12 mt-4 position-relative\">\n                <div class=\"slider\" id=\"slider-Roots\" data-slick='{\"arrows\": false, \"infinite\": false, \"autoplay\": false, \"slidesToShow\": 1, \"asNavFor\": \"#navi-slider-Roots\"}'>\n                                        <div class=\"item \">\n                        <div class=\"row \">\n                            <div class=\"col-lg-6  position-relative sameheightitem\">\n                                <div class=\"textbox\"><div class=\"text\"><h3>Foundation of mensch &amp; Kommunikation GmbH<\/h3>\n<p>The two friends Moritz K\u00fcffner and Stefan G\u00fcnzinger started the m&amp;k journey with the vision of making learning effective, human and based on partnership &#8211; as a training and consulting team with attitude.<\/p>\n<\/div><\/div>\n                                <button class=\"slider-control-next before\" data-target=\"#slider-Roots\"  data-slide=\"next\" aria-label=\"N\u00e4chster Slide\">\n\t<\/button>\n                                                    <\/div>\n                            <div class=\"col-lg-6 mt-4 mt-lg-0 ps-lg-5\">\n                                <div class=\"img-col\">\n                                <img loading=\"lazy\" decoding=\"async\" width=\"640\" height=\"426\" src=\"https:\/\/www.mensch-und-kommunikation.de\/wp-content\/uploads\/2025\/05\/mk-Web-2013-1-640x426.webp\" class=\"attachment-zweispalter size-zweispalter\" alt=\"Website screenshot with the German text Erfrischend anders sein! beside splashing water and fruit. A smiling man\u2019s photo appears alongside seminar listings and images of communication tools and oranges.\" srcset=\"https:\/\/www.mensch-und-kommunikation.de\/wp-content\/uploads\/2025\/05\/mk-Web-2013-1-640x426.webp 640w, https:\/\/www.mensch-und-kommunikation.de\/wp-content\/uploads\/2025\/05\/mk-Web-2013-1-300x200.webp 300w, https:\/\/www.mensch-und-kommunikation.de\/wp-content\/uploads\/2025\/05\/mk-Web-2013-1-1024x682.webp 1024w, https:\/\/www.mensch-und-kommunikation.de\/wp-content\/uploads\/2025\/05\/mk-Web-2013-1-768x511.webp 768w, https:\/\/www.mensch-und-kommunikation.de\/wp-content\/uploads\/2025\/05\/mk-Web-2013-1-1536x1022.webp 1536w, https:\/\/www.mensch-und-kommunikation.de\/wp-content\/uploads\/2025\/05\/mk-Web-2013-1-660x439.webp 660w, https:\/\/www.mensch-und-kommunikation.de\/wp-content\/uploads\/2025\/05\/mk-Web-2013-1-880x586.webp 880w, https:\/\/www.mensch-und-kommunikation.de\/wp-content\/uploads\/2025\/05\/mk-Web-2013-1-260x173.webp 260w, https:\/\/www.mensch-und-kommunikation.de\/wp-content\/uploads\/2025\/05\/mk-Web-2013-1.webp 1920w\" sizes=\"auto, (max-width: 640px) 100vw, 640px\" \/>                    <\/div>\n                            <\/div>\n                        <\/div>\n                    <\/div>\n                                        <div class=\"item \">\n                        <div class=\"row \">\n                            <div class=\"col-lg-6  position-relative sameheightitem\">\n                                <div class=\"textbox\"><div class=\"text\"><h3>Development of the <sup>kokomm\u00ae<\/sup> principle<\/h3>\n<p>With the kokomm\u00ae <sup>principle<\/sup>(cooperative communication), mensch &amp; kommunikation has developed a practical model that shows how communication can succeed &#8211; even in challenging situations. Based on scientific findings and a wealth of experience from training and coaching, <sup>kokomm\u00ae<\/sup> helps people to communicate more clearly, empathically and in a solution-oriented way &#8211; both at work and in their private lives. <\/p>\n<\/div><\/div>\n                                <button class=\"slider-control-next before\" data-target=\"#slider-Roots\"  data-slide=\"next\" aria-label=\"N\u00e4chster Slide\">\n\t<\/button>\n                                                    <\/div>\n                            <div class=\"col-lg-6 mt-4 mt-lg-0 ps-lg-5\">\n                                <div class=\"img-col\">\n                                <img loading=\"lazy\" decoding=\"async\" width=\"640\" height=\"427\" src=\"https:\/\/www.mensch-und-kommunikation.de\/wp-content\/uploads\/2025\/05\/Hoerbuch-Kokomm-Prinzip-640x427.webp\" class=\"attachment-zweispalter size-zweispalter\" alt=\"A CD and its cover are shown. The cover features a sailing boat on the water with a person standing at the bow. The German text reads, Segelst Du schon oder ruderst Du noch? with other smaller text and a yellow circle.\" srcset=\"https:\/\/www.mensch-und-kommunikation.de\/wp-content\/uploads\/2025\/05\/Hoerbuch-Kokomm-Prinzip-640x427.webp 640w, https:\/\/www.mensch-und-kommunikation.de\/wp-content\/uploads\/2025\/05\/Hoerbuch-Kokomm-Prinzip-300x200.webp 300w, https:\/\/www.mensch-und-kommunikation.de\/wp-content\/uploads\/2025\/05\/Hoerbuch-Kokomm-Prinzip-1024x683.webp 1024w, https:\/\/www.mensch-und-kommunikation.de\/wp-content\/uploads\/2025\/05\/Hoerbuch-Kokomm-Prinzip-768x512.webp 768w, https:\/\/www.mensch-und-kommunikation.de\/wp-content\/uploads\/2025\/05\/Hoerbuch-Kokomm-Prinzip-660x440.webp 660w, https:\/\/www.mensch-und-kommunikation.de\/wp-content\/uploads\/2025\/05\/Hoerbuch-Kokomm-Prinzip-880x587.webp 880w, https:\/\/www.mensch-und-kommunikation.de\/wp-content\/uploads\/2025\/05\/Hoerbuch-Kokomm-Prinzip-260x173.webp 260w, https:\/\/www.mensch-und-kommunikation.de\/wp-content\/uploads\/2025\/05\/Hoerbuch-Kokomm-Prinzip.webp 1080w\" sizes=\"auto, (max-width: 640px) 100vw, 640px\" \/>                    <\/div>\n                            <\/div>\n                        <\/div>\n                    <\/div>\n                                        <div class=\"item \">\n                        <div class=\"row \">\n                            <div class=\"col-lg-6  position-relative sameheightitem\">\n                                <div class=\"textbox\"><div class=\"text\"><h3>Relocation to Munich<\/h3>\n<p>mensch &amp; kommunikation is relocating its headquarters from Ebenhausen-Sch\u00e4ftlarn to the Bavarian capital. With the new location in Munich, we are moving closer to our customers and partners &#8211; right in the heart of a dynamic economic region. The move marks an important step in the further development of the company: more space for collaboration, creative projects and sustainable growth.  <\/p>\n<\/div><\/div>\n                                <button class=\"slider-control-next before\" data-target=\"#slider-Roots\"  data-slide=\"next\" aria-label=\"N\u00e4chster Slide\">\n\t<\/button>\n                                                    <\/div>\n                            <div class=\"col-lg-6 mt-4 mt-lg-0 ps-lg-5\">\n                                <div class=\"img-col\">\n                                <img loading=\"lazy\" decoding=\"async\" width=\"640\" height=\"359\" src=\"https:\/\/www.mensch-und-kommunikation.de\/wp-content\/uploads\/2025\/05\/2017-Umzug-nach-Muenchen-640x359.webp\" class=\"attachment-zweispalter size-zweispalter\" alt=\"A map showing routes from M\u00fcnchen to Ebenhausen-Sch\u00e4ftlarn, with three travel options: 32 minutes by car (27.3 km), 37 minutes by car (24.4 km), and 47 minutes by train (every 20 min).\" srcset=\"https:\/\/www.mensch-und-kommunikation.de\/wp-content\/uploads\/2025\/05\/2017-Umzug-nach-Muenchen-640x359.webp 640w, https:\/\/www.mensch-und-kommunikation.de\/wp-content\/uploads\/2025\/05\/2017-Umzug-nach-Muenchen-300x168.webp 300w, https:\/\/www.mensch-und-kommunikation.de\/wp-content\/uploads\/2025\/05\/2017-Umzug-nach-Muenchen-1024x575.webp 1024w, https:\/\/www.mensch-und-kommunikation.de\/wp-content\/uploads\/2025\/05\/2017-Umzug-nach-Muenchen-768x431.webp 768w, https:\/\/www.mensch-und-kommunikation.de\/wp-content\/uploads\/2025\/05\/2017-Umzug-nach-Muenchen-1536x862.webp 1536w, https:\/\/www.mensch-und-kommunikation.de\/wp-content\/uploads\/2025\/05\/2017-Umzug-nach-Muenchen-660x370.webp 660w, https:\/\/www.mensch-und-kommunikation.de\/wp-content\/uploads\/2025\/05\/2017-Umzug-nach-Muenchen-880x494.webp 880w, https:\/\/www.mensch-und-kommunikation.de\/wp-content\/uploads\/2025\/05\/2017-Umzug-nach-Muenchen-260x146.webp 260w, https:\/\/www.mensch-und-kommunikation.de\/wp-content\/uploads\/2025\/05\/2017-Umzug-nach-Muenchen.webp 1646w\" sizes=\"auto, (max-width: 640px) 100vw, 640px\" \/>                    <\/div>\n                            <\/div>\n                        <\/div>\n                    <\/div>\n                                        <div class=\"item \">\n                        <div class=\"row \">\n                            <div class=\"col-lg-6  position-relative sameheightitem\">\n                                <div class=\"textbox\"><div class=\"text\"><h3>Start of the partnership with <sup>Blanchard\u00ae<\/sup><\/h3>\n<p>mensch &amp; kommunikation has been a <sup>Blanchard\u00ae<\/sup> Global Partner for Germany since 2018. As part of the international partner network, we now offer proven Blanchard\u00ae <sup>concepts<\/sup> in customized formats. The partnership strengthens our portfolio in the field of leadership development and gives our clients access to one of the world&#8217;s most renowned leadership models.  <\/p>\n<\/div><\/div>\n                                <button class=\"slider-control-next before\" data-target=\"#slider-Roots\"  data-slide=\"next\" aria-label=\"N\u00e4chster Slide\">\n\t<\/button>\n                                                    <\/div>\n                            <div class=\"col-lg-6 mt-4 mt-lg-0 ps-lg-5\">\n                                <div class=\"img-col\">\n                                <img loading=\"lazy\" decoding=\"async\" width=\"640\" height=\"480\" src=\"https:\/\/www.mensch-und-kommunikation.de\/wp-content\/uploads\/2025\/05\/Blanchar-Global-Partner-Summit-2023-640x480.webp\" class=\"attachment-zweispalter size-zweispalter\" alt=\"A large group of people poses for a photo outside a modern glass office building with a Blanchard sign on it, on a sunny day with trees and greenery in the background.\" srcset=\"https:\/\/www.mensch-und-kommunikation.de\/wp-content\/uploads\/2025\/05\/Blanchar-Global-Partner-Summit-2023-640x480.webp 640w, https:\/\/www.mensch-und-kommunikation.de\/wp-content\/uploads\/2025\/05\/Blanchar-Global-Partner-Summit-2023-300x225.webp 300w, https:\/\/www.mensch-und-kommunikation.de\/wp-content\/uploads\/2025\/05\/Blanchar-Global-Partner-Summit-2023-768x576.webp 768w, https:\/\/www.mensch-und-kommunikation.de\/wp-content\/uploads\/2025\/05\/Blanchar-Global-Partner-Summit-2023-660x495.webp 660w, https:\/\/www.mensch-und-kommunikation.de\/wp-content\/uploads\/2025\/05\/Blanchar-Global-Partner-Summit-2023-880x660.webp 880w, https:\/\/www.mensch-und-kommunikation.de\/wp-content\/uploads\/2025\/05\/Blanchar-Global-Partner-Summit-2023-260x195.webp 260w, https:\/\/www.mensch-und-kommunikation.de\/wp-content\/uploads\/2025\/05\/Blanchar-Global-Partner-Summit-2023.webp 1024w\" sizes=\"auto, (max-width: 640px) 100vw, 640px\" \/>                    <\/div>\n                            <\/div>\n                        <\/div>\n                    <\/div>\n                                        <div class=\"item \">\n                        <div class=\"row \">\n                            <div class=\"col-lg-6  position-relative sameheightitem\">\n                                <div class=\"textbox\"><div class=\"text\"><h3>Our CHO takes up his duties<\/h3>\n<p>Vito joined mensch &amp; kommunikation in 2020 &#8211; as the four-legged Chief Happiness Officer. Since then, the friendly office dog has reliably ensured a good mood, relaxed breaks and spontaneous exercise sessions. In turbulent times, he brings calm, closeness and lots of joie de vivre to the team  <\/p>\n<\/div><\/div>\n                                <button class=\"slider-control-next before\" data-target=\"#slider-Roots\"  data-slide=\"next\" aria-label=\"N\u00e4chster Slide\">\n\t<\/button>\n                                                    <\/div>\n                            <div class=\"col-lg-6 mt-4 mt-lg-0 ps-lg-5\">\n                                <div class=\"img-col\">\n                                <img loading=\"lazy\" decoding=\"async\" width=\"640\" height=\"480\" src=\"https:\/\/www.mensch-und-kommunikation.de\/wp-content\/uploads\/2025\/05\/Vito_2020-640x480.webp\" class=\"attachment-zweispalter size-zweispalter\" alt=\"A close-up of a black dog lying on a wooden floor with its head resting down, showing its nose and eyes in focus. The background is blurred, revealing some wall-mounted objects.\" srcset=\"https:\/\/www.mensch-und-kommunikation.de\/wp-content\/uploads\/2025\/05\/Vito_2020-640x480.webp 640w, https:\/\/www.mensch-und-kommunikation.de\/wp-content\/uploads\/2025\/05\/Vito_2020-300x225.webp 300w, https:\/\/www.mensch-und-kommunikation.de\/wp-content\/uploads\/2025\/05\/Vito_2020-1024x768.webp 1024w, https:\/\/www.mensch-und-kommunikation.de\/wp-content\/uploads\/2025\/05\/Vito_2020-768x576.webp 768w, https:\/\/www.mensch-und-kommunikation.de\/wp-content\/uploads\/2025\/05\/Vito_2020-1536x1152.webp 1536w, https:\/\/www.mensch-und-kommunikation.de\/wp-content\/uploads\/2025\/05\/Vito_2020-2048x1536.webp 2048w, https:\/\/www.mensch-und-kommunikation.de\/wp-content\/uploads\/2025\/05\/Vito_2020-660x495.webp 660w, https:\/\/www.mensch-und-kommunikation.de\/wp-content\/uploads\/2025\/05\/Vito_2020-880x660.webp 880w, https:\/\/www.mensch-und-kommunikation.de\/wp-content\/uploads\/2025\/05\/Vito_2020-260x195.webp 260w\" sizes=\"auto, (max-width: 640px) 100vw, 640px\" \/>                    <\/div>\n                            <\/div>\n                        <\/div>\n                    <\/div>\n                                        <div class=\"item \">\n                        <div class=\"row \">\n                            <div class=\"col-lg-6  position-relative sameheightitem\">\n                                <div class=\"textbox\"><div class=\"text\"><h3>10 years of mensch &amp; kommunikation<\/h3>\n<p>mensch &amp; kommunikation is 10 years old &#8211; and can look back on a very special year: despite the ongoing coronavirus pandemic, 2021 has been the most successful financial year in the company&#8217;s history. This was made possible by our high level of adaptability and the rapid, effective switch to digital training and learning formats. The anniversary therefore not only stands for consistency, but also for innovative strength, resilience and partnership-based collaboration &#8211; with our customers, our team and a strong network.  <\/p>\n<\/div><\/div>\n                                <button class=\"slider-control-next before\" data-target=\"#slider-Roots\"  data-slide=\"next\" aria-label=\"N\u00e4chster Slide\">\n\t<\/button>\n                                                    <\/div>\n                            <div class=\"col-lg-6 mt-4 mt-lg-0 ps-lg-5\">\n                                <div class=\"img-col\">\n                                <img loading=\"lazy\" decoding=\"async\" width=\"640\" height=\"427\" src=\"https:\/\/www.mensch-und-kommunikation.de\/wp-content\/uploads\/2025\/05\/2021-mk-10-Jahre-Jubilaeum-640x427.webp\" class=\"attachment-zweispalter size-zweispalter\" alt=\"Two sparkling champagne glasses in focus against a warm, blurred background of golden bokeh lights, creating a festive and celebratory atmosphere.\" srcset=\"https:\/\/www.mensch-und-kommunikation.de\/wp-content\/uploads\/2025\/05\/2021-mk-10-Jahre-Jubilaeum-640x427.webp 640w, https:\/\/www.mensch-und-kommunikation.de\/wp-content\/uploads\/2025\/05\/2021-mk-10-Jahre-Jubilaeum-300x200.webp 300w, https:\/\/www.mensch-und-kommunikation.de\/wp-content\/uploads\/2025\/05\/2021-mk-10-Jahre-Jubilaeum-768x512.webp 768w, https:\/\/www.mensch-und-kommunikation.de\/wp-content\/uploads\/2025\/05\/2021-mk-10-Jahre-Jubilaeum-660x440.webp 660w, https:\/\/www.mensch-und-kommunikation.de\/wp-content\/uploads\/2025\/05\/2021-mk-10-Jahre-Jubilaeum-880x587.webp 880w, https:\/\/www.mensch-und-kommunikation.de\/wp-content\/uploads\/2025\/05\/2021-mk-10-Jahre-Jubilaeum-260x173.webp 260w, https:\/\/www.mensch-und-kommunikation.de\/wp-content\/uploads\/2025\/05\/2021-mk-10-Jahre-Jubilaeum.webp 1024w\" sizes=\"auto, (max-width: 640px) 100vw, 640px\" \/>                    <\/div>\n                            <\/div>\n                        <\/div>\n                    <\/div>\n                                        <div class=\"item \">\n                        <div class=\"row \">\n                            <div class=\"col-lg-6  position-relative sameheightitem\">\n                                <div class=\"textbox\"><div class=\"text\"><h3>Honored with the German Education Award<\/h3>\n<p>mensch &amp; kommunikation receives the German Education Award for the first time &#8211; in the category \u201cOutstanding training providers for leadership and communication\u201d. The award is based on an independent customer survey on quality, methodology, innovative strength and recommendation. It confirms our claim to develop learning solutions that work &#8211; and are based on a genuine partnership with our customers.  <\/p>\n<\/div><\/div>\n                                <button class=\"slider-control-next before\" data-target=\"#slider-Roots\"  data-slide=\"next\" aria-label=\"N\u00e4chster Slide\">\n\t<\/button>\n                                                    <\/div>\n                            <div class=\"col-lg-6 mt-4 mt-lg-0 ps-lg-5\">\n                                <div class=\"img-col\">\n                                <img loading=\"lazy\" decoding=\"async\" width=\"640\" height=\"427\" src=\"https:\/\/www.mensch-und-kommunikation.de\/wp-content\/uploads\/2025\/05\/Deutscher-Bildungs-Award-2023-640x427.webp\" class=\"attachment-zweispalter size-zweispalter\" alt=\"A glass award plaque stands on a light wooden surface. The plaque displays a round label and German text, indicating it is the Deutscher Bildungsaward 2023\/2024 for mensch &amp; kommunikation. The background is blurred.\" srcset=\"https:\/\/www.mensch-und-kommunikation.de\/wp-content\/uploads\/2025\/05\/Deutscher-Bildungs-Award-2023-640x427.webp 640w, https:\/\/www.mensch-und-kommunikation.de\/wp-content\/uploads\/2025\/05\/Deutscher-Bildungs-Award-2023-300x200.webp 300w, https:\/\/www.mensch-und-kommunikation.de\/wp-content\/uploads\/2025\/05\/Deutscher-Bildungs-Award-2023-768x512.webp 768w, https:\/\/www.mensch-und-kommunikation.de\/wp-content\/uploads\/2025\/05\/Deutscher-Bildungs-Award-2023-660x440.webp 660w, https:\/\/www.mensch-und-kommunikation.de\/wp-content\/uploads\/2025\/05\/Deutscher-Bildungs-Award-2023-880x587.webp 880w, https:\/\/www.mensch-und-kommunikation.de\/wp-content\/uploads\/2025\/05\/Deutscher-Bildungs-Award-2023-260x173.webp 260w, https:\/\/www.mensch-und-kommunikation.de\/wp-content\/uploads\/2025\/05\/Deutscher-Bildungs-Award-2023.webp 1024w\" sizes=\"auto, (max-width: 640px) 100vw, 640px\" \/>                    <\/div>\n                            <\/div>\n                        <\/div>\n                    <\/div>\n                                        <div class=\"item \">\n                        <div class=\"row \">\n                            <div class=\"col-lg-6  position-relative sameheightitem\">\n                                <div class=\"textbox\"><div class=\"text\"><h3>Winner of the German Education Award for the second time<\/h3>\n<p>mensch &amp; kommunikation once again receives the German Education Award in 2024 &#8211; confirming the consistently high quality and effectiveness of our training courses. Our focus on individual development paths, hybrid learning formats and an attitude that enables learning at eye level are particularly recognized. The award is both a confirmation and an incentive for us.  <\/p>\n<\/div><\/div>\n                            <\/div>\n                            <div class=\"col-lg-6 mt-4 mt-lg-0 ps-lg-5\">\n                                <div class=\"img-col\">\n                                <img loading=\"lazy\" decoding=\"async\" width=\"640\" height=\"427\" src=\"https:\/\/www.mensch-und-kommunikation.de\/wp-content\/uploads\/2025\/05\/Deutscher-Bildungs-Award-2024-640x427.webp\" class=\"attachment-zweispalter size-zweispalter\" alt=\"A glass award plaque sits on a wooden table, displaying the text DEUTSCHER BILDUNGS AWARD 2024\/2025 and Preistr\u00e4ger 2024 mensch &amp; kommunikation against a softly blurred, warm background.\" srcset=\"https:\/\/www.mensch-und-kommunikation.de\/wp-content\/uploads\/2025\/05\/Deutscher-Bildungs-Award-2024-640x427.webp 640w, https:\/\/www.mensch-und-kommunikation.de\/wp-content\/uploads\/2025\/05\/Deutscher-Bildungs-Award-2024-300x200.webp 300w, https:\/\/www.mensch-und-kommunikation.de\/wp-content\/uploads\/2025\/05\/Deutscher-Bildungs-Award-2024-768x512.webp 768w, https:\/\/www.mensch-und-kommunikation.de\/wp-content\/uploads\/2025\/05\/Deutscher-Bildungs-Award-2024-660x440.webp 660w, https:\/\/www.mensch-und-kommunikation.de\/wp-content\/uploads\/2025\/05\/Deutscher-Bildungs-Award-2024-880x587.webp 880w, https:\/\/www.mensch-und-kommunikation.de\/wp-content\/uploads\/2025\/05\/Deutscher-Bildungs-Award-2024-260x173.webp 260w, https:\/\/www.mensch-und-kommunikation.de\/wp-content\/uploads\/2025\/05\/Deutscher-Bildungs-Award-2024.webp 1024w\" sizes=\"auto, (max-width: 640px) 100vw, 640px\" \/>                    <\/div>\n                            <\/div>\n                        <\/div>\n                    <\/div>\n                                    <\/div>\n                \n       \n            <\/div>\n            \n                \n           \n        <\/div>\n    <\/div>\n<\/section><section id=\"team\" class=\"block zweispalter\">\n    <div class=\"container pt-normal pb-normal bg-no\">\n        <div class=\"row sameheightbox\">\n                    <div class=\"col-lg-6 linke-spalte position-relative mb-5 mb-lg-0\">\n                <div class=\"module text \">\n        <h2>Your <span class=\"textbg-inner\">consulting<\/span> team<\/h2>\n<p>People who listen, think and support &#8211; with experience, attitude and enthusiasm for effective development.<\/p>\n<p><a class=\"btn btn-primary\" href=\"https:\/\/www.mensch-und-kommunikation.de\/team-trainer\/\">To the team<\/a><\/p>\n\n    <\/div>            <\/div>\n            <div class=\"col-lg-6 rechte-spalte position-relative\">\n                <div class=\"modul team-slider row\">\n\n<div class=\"col-lg-10 mb-2 mb-lg-0\">\n<div class=\"slider slider-1\" id=\"slider-2578\" data-slick='{\"arrows\": false, \"autoplay\": false, \"slidesToShow\": 1, \"asNavFor\": \"#slider-2578-2\"}'>   \n                           <div class=\"item\">\n     \n               <img loading=\"lazy\" decoding=\"async\" width=\"516\" height=\"516\" src=\"https:\/\/www.mensch-und-kommunikation.de\/wp-content\/uploads\/2025\/03\/Tanja-Test2-516x516.jpg\" class=\"attachment-quadrat size-quadrat\" alt=\"Eine Frau mit kurzen braunen Haaren, einer blauen Bluse und einem dunklen Blazer steht l\u00e4chelnd in einem gut beleuchteten Flur mit Kunstwerken und Fotos an den W\u00e4nden.\" srcset=\"https:\/\/www.mensch-und-kommunikation.de\/wp-content\/uploads\/2025\/03\/Tanja-Test2-516x516.jpg 516w, https:\/\/www.mensch-und-kommunikation.de\/wp-content\/uploads\/2025\/03\/Tanja-Test2-300x300.jpg 300w, https:\/\/www.mensch-und-kommunikation.de\/wp-content\/uploads\/2025\/03\/Tanja-Test2-1024x1024.jpg 1024w, https:\/\/www.mensch-und-kommunikation.de\/wp-content\/uploads\/2025\/03\/Tanja-Test2-150x150.jpg 150w, https:\/\/www.mensch-und-kommunikation.de\/wp-content\/uploads\/2025\/03\/Tanja-Test2-768x768.jpg 768w, https:\/\/www.mensch-und-kommunikation.de\/wp-content\/uploads\/2025\/03\/Tanja-Test2-1536x1536.jpg 1536w, https:\/\/www.mensch-und-kommunikation.de\/wp-content\/uploads\/2025\/03\/Tanja-Test2-660x660.jpg 660w, https:\/\/www.mensch-und-kommunikation.de\/wp-content\/uploads\/2025\/03\/Tanja-Test2-640x640.jpg 640w, https:\/\/www.mensch-und-kommunikation.de\/wp-content\/uploads\/2025\/03\/Tanja-Test2-880x880.jpg 880w, https:\/\/www.mensch-und-kommunikation.de\/wp-content\/uploads\/2025\/03\/Tanja-Test2-260x260.jpg 260w, https:\/\/www.mensch-und-kommunikation.de\/wp-content\/uploads\/2025\/03\/Tanja-Test2.jpg 2000w\" sizes=\"auto, (max-width: 516px) 100vw, 516px\" \/>\n                    <div><p class=\"h4\">Tanja Fa\u00dfbinder<\/p>\n\n                    Head of HR             <\/div>\n               <\/div>\n\t\t                   <div class=\"item\">\n     \n               <img loading=\"lazy\" decoding=\"async\" width=\"516\" height=\"516\" src=\"https:\/\/www.mensch-und-kommunikation.de\/wp-content\/uploads\/2025\/04\/Stefan-Guenzinger-516x516.jpg\" class=\"attachment-quadrat size-quadrat\" alt=\"Stefan G\u00fcnzinger\" srcset=\"https:\/\/www.mensch-und-kommunikation.de\/wp-content\/uploads\/2025\/04\/Stefan-Guenzinger-516x516.jpg 516w, https:\/\/www.mensch-und-kommunikation.de\/wp-content\/uploads\/2025\/04\/Stefan-Guenzinger-300x300.jpg 300w, https:\/\/www.mensch-und-kommunikation.de\/wp-content\/uploads\/2025\/04\/Stefan-Guenzinger-150x150.jpg 150w, https:\/\/www.mensch-und-kommunikation.de\/wp-content\/uploads\/2025\/04\/Stefan-Guenzinger-768x768.jpg 768w, https:\/\/www.mensch-und-kommunikation.de\/wp-content\/uploads\/2025\/04\/Stefan-Guenzinger-660x660.jpg 660w, https:\/\/www.mensch-und-kommunikation.de\/wp-content\/uploads\/2025\/04\/Stefan-Guenzinger-640x640.jpg 640w, https:\/\/www.mensch-und-kommunikation.de\/wp-content\/uploads\/2025\/04\/Stefan-Guenzinger-880x880.jpg 880w, https:\/\/www.mensch-und-kommunikation.de\/wp-content\/uploads\/2025\/04\/Stefan-Guenzinger-260x260.jpg 260w, https:\/\/www.mensch-und-kommunikation.de\/wp-content\/uploads\/2025\/04\/Stefan-Guenzinger.jpg 1000w\" sizes=\"auto, (max-width: 516px) 100vw, 516px\" \/>\n                    <div><p class=\"h4\">Stefan G\u00fcnzinger<\/p>\n\n                    Gesch\u00e4ftsf\u00fchrer             <\/div>\n               <\/div>\n\t\t                   <div class=\"item\">\n     \n               <img loading=\"lazy\" decoding=\"async\" width=\"516\" height=\"516\" src=\"https:\/\/www.mensch-und-kommunikation.de\/wp-content\/uploads\/2025\/04\/Emelie-Locher-516x516.jpg\" class=\"attachment-quadrat size-quadrat\" alt=\"Emelie Locher\" srcset=\"https:\/\/www.mensch-und-kommunikation.de\/wp-content\/uploads\/2025\/04\/Emelie-Locher-516x516.jpg 516w, https:\/\/www.mensch-und-kommunikation.de\/wp-content\/uploads\/2025\/04\/Emelie-Locher-300x300.jpg 300w, https:\/\/www.mensch-und-kommunikation.de\/wp-content\/uploads\/2025\/04\/Emelie-Locher-150x150.jpg 150w, https:\/\/www.mensch-und-kommunikation.de\/wp-content\/uploads\/2025\/04\/Emelie-Locher-768x768.jpg 768w, https:\/\/www.mensch-und-kommunikation.de\/wp-content\/uploads\/2025\/04\/Emelie-Locher-660x660.jpg 660w, https:\/\/www.mensch-und-kommunikation.de\/wp-content\/uploads\/2025\/04\/Emelie-Locher-640x640.jpg 640w, https:\/\/www.mensch-und-kommunikation.de\/wp-content\/uploads\/2025\/04\/Emelie-Locher-880x880.jpg 880w, https:\/\/www.mensch-und-kommunikation.de\/wp-content\/uploads\/2025\/04\/Emelie-Locher-260x260.jpg 260w, https:\/\/www.mensch-und-kommunikation.de\/wp-content\/uploads\/2025\/04\/Emelie-Locher.jpg 1000w\" sizes=\"auto, (max-width: 516px) 100vw, 516px\" \/>\n                    <div><p class=\"h4\">Emelie Locher<\/p>\n\n                    Junior Project Manager             <\/div>\n               <\/div>\n\t\t                   <div class=\"item\">\n     \n               <img loading=\"lazy\" decoding=\"async\" width=\"516\" height=\"516\" src=\"https:\/\/www.mensch-und-kommunikation.de\/wp-content\/uploads\/2025\/03\/Vincent-Aretz-1-516x516.webp\" class=\"attachment-quadrat size-quadrat\" alt=\"Vincent Aretz. ein Mann mit langen, zur\u00fcckgebundenen Haaren und einem kurzen Bart l\u00e4chelt in die Kamera. Er tr\u00e4gt einen dunklen Pullover \u00fcber einem wei\u00dfen Kragenhemd und steht vor einer strukturierten, verwitterten Wand.\" srcset=\"https:\/\/www.mensch-und-kommunikation.de\/wp-content\/uploads\/2025\/03\/Vincent-Aretz-1-516x516.webp 516w, https:\/\/www.mensch-und-kommunikation.de\/wp-content\/uploads\/2025\/03\/Vincent-Aretz-1-300x300.webp 300w, https:\/\/www.mensch-und-kommunikation.de\/wp-content\/uploads\/2025\/03\/Vincent-Aretz-1-1024x1024.webp 1024w, https:\/\/www.mensch-und-kommunikation.de\/wp-content\/uploads\/2025\/03\/Vincent-Aretz-1-150x150.webp 150w, https:\/\/www.mensch-und-kommunikation.de\/wp-content\/uploads\/2025\/03\/Vincent-Aretz-1-768x768.webp 768w, https:\/\/www.mensch-und-kommunikation.de\/wp-content\/uploads\/2025\/03\/Vincent-Aretz-1-660x660.webp 660w, https:\/\/www.mensch-und-kommunikation.de\/wp-content\/uploads\/2025\/03\/Vincent-Aretz-1-640x640.webp 640w, https:\/\/www.mensch-und-kommunikation.de\/wp-content\/uploads\/2025\/03\/Vincent-Aretz-1-880x880.webp 880w, https:\/\/www.mensch-und-kommunikation.de\/wp-content\/uploads\/2025\/03\/Vincent-Aretz-1-260x260.webp 260w, https:\/\/www.mensch-und-kommunikation.de\/wp-content\/uploads\/2025\/03\/Vincent-Aretz-1.webp 1500w\" sizes=\"auto, (max-width: 516px) 100vw, 516px\" \/>\n                    <div><p class=\"h4\">Vincent Aretz<\/p>\n\n                    L&#038;D Specialist             <\/div>\n               <\/div>\n\t\t    <\/div>\n        <\/div>\n        <div class=\"col-8 col-lg-2\">\n\n<div class=\"slider slider-2\" id=\"slider-2578-2\" data-slick='{\"arrows\": false, \"autoplay\": false, \"slidesToShow\": 4, \"asNavFor\":\"#slider-2578\", \"vertical\":true,\"responsive\": [{\"breakpoint\":768,\"settings\":{\"slidesToShow\": 3, \"vertical\": false}}]}'>   \n                          \n\t\t     <div class=\"item\">\n     \n     <img loading=\"lazy\" decoding=\"async\" width=\"81\" height=\"95\" src=\"https:\/\/www.mensch-und-kommunikation.de\/wp-content\/uploads\/2025\/04\/Stefan-Guenzinger-81x95.jpg\" class=\"attachment-team-slider-small size-team-slider-small\" alt=\"Stefan G\u00fcnzinger\" \/>\n          \n     <\/div>\n              \n\t\t     <div class=\"item\">\n     \n     <img loading=\"lazy\" decoding=\"async\" width=\"81\" height=\"95\" src=\"https:\/\/www.mensch-und-kommunikation.de\/wp-content\/uploads\/2025\/04\/Emelie-Locher-81x95.jpg\" class=\"attachment-team-slider-small size-team-slider-small\" alt=\"Emelie Locher\" \/>\n          \n     <\/div>\n              \n\t\t     <div class=\"item\">\n     \n     <img loading=\"lazy\" decoding=\"async\" width=\"81\" height=\"95\" src=\"https:\/\/www.mensch-und-kommunikation.de\/wp-content\/uploads\/2025\/03\/Vincent-Aretz-1-81x95.webp\" class=\"attachment-team-slider-small size-team-slider-small\" alt=\"Vincent Aretz. ein Mann mit langen, zur\u00fcckgebundenen Haaren und einem kurzen Bart l\u00e4chelt in die Kamera. Er tr\u00e4gt einen dunklen Pullover \u00fcber einem wei\u00dfen Kragenhemd und steht vor einer strukturierten, verwitterten Wand.\" \/>\n          \n     <\/div>\n              \n\t\t            <div class=\"item\">\n<img loading=\"lazy\" decoding=\"async\" width=\"81\" height=\"95\" src=\"https:\/\/www.mensch-und-kommunikation.de\/wp-content\/uploads\/2025\/03\/Tanja-Test2-81x95.jpg\" class=\"attachment-team-slider-small size-team-slider-small\" alt=\"Eine Frau mit kurzen braunen Haaren, einer blauen Bluse und einem dunklen Blazer steht l\u00e4chelnd in einem gut beleuchteten Flur mit Kunstwerken und Fotos an den W\u00e4nden.\" \/>\n                    <\/div><\/div>\n<div class=\"\">\n                <div class=\"slider-controls\">\n    <button class=\"slider-control-prev me-2\" data-target=\"#slider-2578\"  data-slide=\"prev\" aria-label=\"Vorheriger Slide\">\n\t\t<span class=\"slider-control-prev-icon\" aria-hidden=\"true\"><svg xmlns=\"http:\/\/www.w3.org\/2000\/svg\" width=\"35\" height=\"35\" viewBox=\"0 0 35 35\">\n  <g id=\"Group_103\" data-name=\"Group 103\" transform=\"translate(1485 6587) rotate(180)\">\n    <circle id=\"Ellipse_62\" data-name=\"Ellipse 62\" cx=\"17.5\" cy=\"17.5\" r=\"17.5\" transform=\"translate(1450 6552)\" fill=\"#00a1d8\"\/>\n    <path id=\"Path_45\" data-name=\"Path 45\" d=\"M0,7.1l7.1,7.1h3.756l-7.1-7.1,7.1-7.1H7.1Z\" transform=\"translate(1472.986 6577.006) rotate(180)\" fill=\"#fff\"\/>\n  <\/g>\n<\/svg>\n<\/span>\n\t<\/button>\n\t<button class=\"slider-control-next\" data-target=\"#slider-2578\"  data-slide=\"next\" aria-label=\"N\u00e4chster Slide\">\n\t\t<span class=\"slider-control-next-icon\" aria-hidden=\"true\"><svg xmlns=\"http:\/\/www.w3.org\/2000\/svg\" width=\"35\" height=\"35\" viewBox=\"0 0 35 35\">\n  <g id=\"Group_104\" data-name=\"Group 104\" transform=\"translate(-1450 -6552)\">\n    <circle id=\"Ellipse_62\" data-name=\"Ellipse 62\" cx=\"17.5\" cy=\"17.5\" r=\"17.5\" transform=\"translate(1450 6552)\" fill=\"#00a1d8\"\/>\n    <path id=\"Path_45\" data-name=\"Path 45\" d=\"M0,7.1l7.1,7.1h3.756l-7.1-7.1,7.1-7.1H7.1Z\" transform=\"translate(1472.986 6577.006) rotate(180)\" fill=\"#fff\"\/>\n  <\/g>\n<\/svg>\n<\/span>\n\t<\/button>\n<\/div>                <\/div>\n            <\/div>\n\n<\/div>            <\/div>\n                    <\/div>\n    <\/div>\n<\/section>\n\n<section id=\"block_b5f545e54cfee892ac5e621039419952\" class=\"block quote \">\n<img decoding=\"async\" class=\"bg-image\" src=\"https:\/\/www.mensch-und-kommunikation.de\/wp-content\/themes\/m%26k\/_\/img\/quote-hintergrund.png\" \/>\n    <div class=\"container pt-normal pb-normal bg-no\">\n        <div class=\"row \">\n        \n            <div class=\"col-lg-auto mx-auto\">\n                <div class=\"textbox\">\n                People do not develop through instruction, but through relationships. &#8211; Gerald H\u00fcther                 <\/div>\n            <\/div>\n        <\/div>\n    <\/div>\n<\/section><section id=\"contact\" class=\"block zweispalter\">\n    <div class=\"container pt-normal pb-normal bg-no\">\n        <div class=\"row sameheightbox\">\n                    <div class=\"col-lg-6 linke-spalte position-relative mb-5 mb-lg-0\">\n                <img loading=\"lazy\" decoding=\"async\" width=\"632\" height=\"498\" src=\"https:\/\/www.mensch-und-kommunikation.de\/wp-content\/uploads\/2025\/04\/Group-359.png\" class=\"attachment-zweispalter size-zweispalter\" alt=\"Jaqui Mackedanz, eine Frau mit langem, welligem blondem Haar, die einen braunen Blazer \u00fcber einem schwarzen Spitzentop tr\u00e4gt, steht vor \u00fcberlappenden blauen und gr\u00fcnen Kreisgrafiken.\" srcset=\"https:\/\/www.mensch-und-kommunikation.de\/wp-content\/uploads\/2025\/04\/Group-359.png 632w, https:\/\/www.mensch-und-kommunikation.de\/wp-content\/uploads\/2025\/04\/Group-359-300x236.png 300w, https:\/\/www.mensch-und-kommunikation.de\/wp-content\/uploads\/2025\/04\/Group-359-260x205.png 260w\" sizes=\"auto, (max-width: 632px) 100vw, 632px\" \/><div class=\"module text rahmen\">\n        <p><strong>Jaqueline Mackedanz<\/strong><br \/>\nHR Development Specialist<br \/>\n<a class=\"maillink\" href=\"mailto:jma@menschundkommunikation.de\">jma@menschundkommunikation.de<\/a><br \/>\n<a class=\"phonelink\" href=\"tel:+49%20(89)%2041%2061%2037%20800\">+49 (89) 41 61 37 800<\/a><\/p>\n\n    <\/div>            <\/div>\n            <div class=\"col-lg-6 rechte-spalte position-relative\">\n                <div class=\"module text \">\n        <h2><span class=\"textbg-inner\">Contact us<\/span><\/h2>\n<p>Communication begins with a first step.<br \/>\nIt&#8217;s great that you&#8217;re doing it &#8211; we&#8217;re here for you.<\/p>\n<p class=\"wpcf7-contact-form-not-found\"><strong>Error:<\/strong> Contact form not found.<\/p>\n\n    <\/div>            <\/div>\n                    <\/div>\n    <\/div>\n<\/section>\n\n","protected":false},"excerpt":{"rendered":"","protected":false},"author":1,"featured_media":0,"parent":0,"menu_order":7,"comment_status":"closed","ping_status":"closed","template":"","meta":{"_acf_changed":false,"footnotes":""},"class_list":["post-2578","page","type-page","status-publish","hentry"],"acf":[],"yoast_head":"<!-- This site is optimized with the Yoast SEO Premium plugin v27.3 (Yoast SEO v27.5) - https:\/\/yoast.com\/product\/yoast-seo-premium-wordpress\/ -->\n<title>What makes us tick - mensch &amp; kommunikation<\/title>\n<meta name=\"description\" content=\"Find out what drives us: Our attitude, values and way of working form the foundation for effective cooperation and sustainable development.\" \/>\n<meta name=\"robots\" content=\"index, follow, max-snippet:-1, max-image-preview:large, max-video-preview:-1\" \/>\n<link rel=\"canonical\" href=\"https:\/\/www.mensch-und-kommunikation.de\/en\/what-makes-us-tick\/\" \/>\n<meta property=\"og:locale\" content=\"en_US\" \/>\n<meta property=\"og:type\" content=\"article\" \/>\n<meta property=\"og:title\" content=\"What makes us tick\" \/>\n<meta property=\"og:description\" content=\"Find out what drives us: Our attitude, values and way of working form the foundation for effective cooperation and sustainable development.\" \/>\n<meta property=\"og:url\" content=\"https:\/\/www.mensch-und-kommunikation.de\/en\/what-makes-us-tick\/\" \/>\n<meta property=\"og:site_name\" content=\"mensch &amp; kommunikation\" \/>\n<meta property=\"article:modified_time\" content=\"2025-05-28T08:23:13+00:00\" \/>\n<meta name=\"twitter:card\" content=\"summary_large_image\" \/>\n<script type=\"application\/ld+json\" class=\"yoast-schema-graph\">{\"@context\":\"https:\\\/\\\/schema.org\",\"@graph\":[{\"@type\":\"WebPage\",\"@id\":\"https:\\\/\\\/www.mensch-und-kommunikation.de\\\/en\\\/what-makes-us-tick\\\/\",\"url\":\"https:\\\/\\\/www.mensch-und-kommunikation.de\\\/en\\\/what-makes-us-tick\\\/\",\"name\":\"What makes us tick - mensch &amp; kommunikation\",\"isPartOf\":{\"@id\":\"https:\\\/\\\/www.mensch-und-kommunikation.de\\\/en\\\/#website\"},\"datePublished\":\"2025-04-10T06:16:34+00:00\",\"dateModified\":\"2025-05-28T08:23:13+00:00\",\"description\":\"Find out what drives us: Our attitude, values and way of working form the foundation for effective cooperation and sustainable development.\",\"breadcrumb\":{\"@id\":\"https:\\\/\\\/www.mensch-und-kommunikation.de\\\/en\\\/what-makes-us-tick\\\/#breadcrumb\"},\"inLanguage\":\"en-US\",\"potentialAction\":[{\"@type\":\"ReadAction\",\"target\":[\"https:\\\/\\\/www.mensch-und-kommunikation.de\\\/en\\\/what-makes-us-tick\\\/\"]}]},{\"@type\":\"BreadcrumbList\",\"@id\":\"https:\\\/\\\/www.mensch-und-kommunikation.de\\\/en\\\/what-makes-us-tick\\\/#breadcrumb\",\"itemListElement\":[{\"@type\":\"ListItem\",\"position\":1,\"name\":\"Home\",\"item\":\"https:\\\/\\\/www.mensch-und-kommunikation.de\\\/en\\\/\"},{\"@type\":\"ListItem\",\"position\":2,\"name\":\"What makes us tick\"}]},{\"@type\":\"WebSite\",\"@id\":\"https:\\\/\\\/www.mensch-und-kommunikation.de\\\/en\\\/#website\",\"url\":\"https:\\\/\\\/www.mensch-und-kommunikation.de\\\/en\\\/\",\"name\":\"mensch & kommunikation\",\"description\":\"learn. develop. grow.\",\"publisher\":{\"@id\":\"https:\\\/\\\/www.mensch-und-kommunikation.de\\\/en\\\/#organization\"},\"alternateName\":\"m&k\",\"potentialAction\":[{\"@type\":\"SearchAction\",\"target\":{\"@type\":\"EntryPoint\",\"urlTemplate\":\"https:\\\/\\\/www.mensch-und-kommunikation.de\\\/en\\\/?s={search_term_string}\"},\"query-input\":{\"@type\":\"PropertyValueSpecification\",\"valueRequired\":true,\"valueName\":\"search_term_string\"}}],\"inLanguage\":\"en-US\"},{\"@type\":\"Organization\",\"@id\":\"https:\\\/\\\/www.mensch-und-kommunikation.de\\\/en\\\/#organization\",\"name\":\"mensch & kommunikation GmbH\",\"url\":\"https:\\\/\\\/www.mensch-und-kommunikation.de\\\/en\\\/\",\"logo\":{\"@type\":\"ImageObject\",\"inLanguage\":\"en-US\",\"@id\":\"https:\\\/\\\/www.mensch-und-kommunikation.de\\\/en\\\/#\\\/schema\\\/logo\\\/image\\\/\",\"url\":\"https:\\\/\\\/www.mensch-und-kommunikation.de\\\/wp-content\\\/uploads\\\/2025\\\/05\\\/Logo-mk-Claim-2023-RGB-1000px-Kopie.jpg\",\"contentUrl\":\"https:\\\/\\\/www.mensch-und-kommunikation.de\\\/wp-content\\\/uploads\\\/2025\\\/05\\\/Logo-mk-Claim-2023-RGB-1000px-Kopie.jpg\",\"width\":1000,\"height\":521,\"caption\":\"mensch & kommunikation GmbH\"},\"image\":{\"@id\":\"https:\\\/\\\/www.mensch-und-kommunikation.de\\\/en\\\/#\\\/schema\\\/logo\\\/image\\\/\"},\"sameAs\":[\"https:\\\/\\\/www.linkedin.com\\\/company\\\/mensch-kommunikation-gmbh\"],\"description\":\"Die mensch & kommunikation GmbH ist ein seit 2011 etablierter Anbieter von Kommunikationtrainings und F\u00fchrungstrainings mit dem Fokus auf mittlere und gro\u00dfe Organisationen und Unternehmen. Wir sind als Blanchard Global Partner zertifiziert\",\"email\":\"info@menschundkommunikation.de\",\"telephone\":\"+49 89 41 61 37 800\",\"legalName\":\"mensch & kommunikation GmbH\",\"foundingDate\":\"2011-01-02\",\"vatID\":\"DE275433591\",\"duns\":\"341895701\",\"leiCode\":\"9845004FF1F8DC08B449\",\"numberOfEmployees\":{\"@type\":\"QuantitativeValue\",\"minValue\":\"1\",\"maxValue\":\"10\"}}]}<\/script>\n<!-- \/ Yoast SEO Premium plugin. -->","yoast_head_json":{"title":"What makes us tick - mensch &amp; kommunikation","description":"Find out what drives us: Our attitude, values and way of working form the foundation for effective cooperation and sustainable development.","robots":{"index":"index","follow":"follow","max-snippet":"max-snippet:-1","max-image-preview":"max-image-preview:large","max-video-preview":"max-video-preview:-1"},"canonical":"https:\/\/www.mensch-und-kommunikation.de\/en\/what-makes-us-tick\/","og_locale":"en_US","og_type":"article","og_title":"What makes us tick","og_description":"Find out what drives us: Our attitude, values and way of working form the foundation for effective cooperation and sustainable development.","og_url":"https:\/\/www.mensch-und-kommunikation.de\/en\/what-makes-us-tick\/","og_site_name":"mensch &amp; kommunikation","article_modified_time":"2025-05-28T08:23:13+00:00","twitter_card":"summary_large_image","schema":{"@context":"https:\/\/schema.org","@graph":[{"@type":"WebPage","@id":"https:\/\/www.mensch-und-kommunikation.de\/en\/what-makes-us-tick\/","url":"https:\/\/www.mensch-und-kommunikation.de\/en\/what-makes-us-tick\/","name":"What makes us tick - mensch &amp; kommunikation","isPartOf":{"@id":"https:\/\/www.mensch-und-kommunikation.de\/en\/#website"},"datePublished":"2025-04-10T06:16:34+00:00","dateModified":"2025-05-28T08:23:13+00:00","description":"Find out what drives us: Our attitude, values and way of working form the foundation for effective cooperation and sustainable development.","breadcrumb":{"@id":"https:\/\/www.mensch-und-kommunikation.de\/en\/what-makes-us-tick\/#breadcrumb"},"inLanguage":"en-US","potentialAction":[{"@type":"ReadAction","target":["https:\/\/www.mensch-und-kommunikation.de\/en\/what-makes-us-tick\/"]}]},{"@type":"BreadcrumbList","@id":"https:\/\/www.mensch-und-kommunikation.de\/en\/what-makes-us-tick\/#breadcrumb","itemListElement":[{"@type":"ListItem","position":1,"name":"Home","item":"https:\/\/www.mensch-und-kommunikation.de\/en\/"},{"@type":"ListItem","position":2,"name":"What makes us tick"}]},{"@type":"WebSite","@id":"https:\/\/www.mensch-und-kommunikation.de\/en\/#website","url":"https:\/\/www.mensch-und-kommunikation.de\/en\/","name":"mensch & kommunikation","description":"learn. develop. grow.","publisher":{"@id":"https:\/\/www.mensch-und-kommunikation.de\/en\/#organization"},"alternateName":"m&k","potentialAction":[{"@type":"SearchAction","target":{"@type":"EntryPoint","urlTemplate":"https:\/\/www.mensch-und-kommunikation.de\/en\/?s={search_term_string}"},"query-input":{"@type":"PropertyValueSpecification","valueRequired":true,"valueName":"search_term_string"}}],"inLanguage":"en-US"},{"@type":"Organization","@id":"https:\/\/www.mensch-und-kommunikation.de\/en\/#organization","name":"mensch & kommunikation GmbH","url":"https:\/\/www.mensch-und-kommunikation.de\/en\/","logo":{"@type":"ImageObject","inLanguage":"en-US","@id":"https:\/\/www.mensch-und-kommunikation.de\/en\/#\/schema\/logo\/image\/","url":"https:\/\/www.mensch-und-kommunikation.de\/wp-content\/uploads\/2025\/05\/Logo-mk-Claim-2023-RGB-1000px-Kopie.jpg","contentUrl":"https:\/\/www.mensch-und-kommunikation.de\/wp-content\/uploads\/2025\/05\/Logo-mk-Claim-2023-RGB-1000px-Kopie.jpg","width":1000,"height":521,"caption":"mensch & kommunikation GmbH"},"image":{"@id":"https:\/\/www.mensch-und-kommunikation.de\/en\/#\/schema\/logo\/image\/"},"sameAs":["https:\/\/www.linkedin.com\/company\/mensch-kommunikation-gmbh"],"description":"Die mensch & kommunikation GmbH ist ein seit 2011 etablierter Anbieter von Kommunikationtrainings und F\u00fchrungstrainings mit dem Fokus auf mittlere und gro\u00dfe Organisationen und Unternehmen. Wir sind als Blanchard Global Partner zertifiziert","email":"info@menschundkommunikation.de","telephone":"+49 89 41 61 37 800","legalName":"mensch & kommunikation GmbH","foundingDate":"2011-01-02","vatID":"DE275433591","duns":"341895701","leiCode":"9845004FF1F8DC08B449","numberOfEmployees":{"@type":"QuantitativeValue","minValue":"1","maxValue":"10"}}]}},"_links":{"self":[{"href":"https:\/\/www.mensch-und-kommunikation.de\/en\/wp-json\/wp\/v2\/pages\/2578","targetHints":{"allow":["GET"]}}],"collection":[{"href":"https:\/\/www.mensch-und-kommunikation.de\/en\/wp-json\/wp\/v2\/pages"}],"about":[{"href":"https:\/\/www.mensch-und-kommunikation.de\/en\/wp-json\/wp\/v2\/types\/page"}],"author":[{"embeddable":true,"href":"https:\/\/www.mensch-und-kommunikation.de\/en\/wp-json\/wp\/v2\/users\/1"}],"replies":[{"embeddable":true,"href":"https:\/\/www.mensch-und-kommunikation.de\/en\/wp-json\/wp\/v2\/comments?post=2578"}],"version-history":[{"count":1,"href":"https:\/\/www.mensch-und-kommunikation.de\/en\/wp-json\/wp\/v2\/pages\/2578\/revisions"}],"predecessor-version":[{"id":2579,"href":"https:\/\/www.mensch-und-kommunikation.de\/en\/wp-json\/wp\/v2\/pages\/2578\/revisions\/2579"}],"wp:attachment":[{"href":"https:\/\/www.mensch-und-kommunikation.de\/en\/wp-json\/wp\/v2\/media?parent=2578"}],"curies":[{"name":"wp","href":"https:\/\/api.w.org\/{rel}","templated":true}]}}