{"id":3107,"date":"2025-07-24T15:52:38","date_gmt":"2025-07-24T13:52:38","guid":{"rendered":"https:\/\/www.mensch-und-kommunikation.de\/?page_id=3107"},"modified":"2025-07-24T15:52:38","modified_gmt":"2025-07-24T13:52:38","slug":"projects-2","status":"publish","type":"page","link":"https:\/\/www.mensch-und-kommunikation.de\/en\/projects-2\/","title":{"rendered":"Projects"},"content":{"rendered":"<section id=\"block_189a2478b86dbf050043da62a24cb153\" class=\"block header bg-no layout-3\">\n\n    <div class=\"container \">\n\n                        <div class=\"row h-100 pt-5\">\n            <div class=\"align-self-md-center col-md-5 pt-5\">\n                <div>\n                <h1>Unsere <span class=\"textbg-inner\">Referenzen<\/span>: Ma\u00dfgeschneiderte L\u00f6sungen f\u00fcr unterschiedlichste Anforderungen<\/h1>\n<p>Von globalen Lernreisen bis hin zu fokussierten Kompetenztrainings \u2013 unsere Projektbeispiele zeigen, wie vielf\u00e4ltig und wirksam Entwicklung mit m&amp;k sein kann.<\/p>\n                <\/div>\n            <\/div>\n            \n                                <div class=\"col-md-6 offset-md-1 bildcol\">\n                <img loading=\"lazy\" decoding=\"async\" width=\"923\" height=\"840\" src=\"https:\/\/www.mensch-und-kommunikation.de\/wp-content\/uploads\/2025\/07\/Referenzprojekte-mensch-und-kommunikation-923x840.webp\" class=\"\" alt=\"Ein Holztablett, gef\u00fcllt mit verschiedenen Mini-Muffins, darunter Schokoladen- und Zuckermuffins, steht fein s\u00e4uberlich aufgereiht auf einem Holztisch - perfekt, um erfolgreiche Trainings- und Coachingprojekte zu feiern.\" \/>                <div>\n                        <\/div>\n    <\/div>\n<\/section>\n\n\n<section id=\"block_a8327072e9c19dcffb0eb21de087bb77\" class=\"block navigation\">\n    <div class=\"container pt-4 pb-normal bg-no\">\n        <div class=\"row mx-0\">\n        \n            <div class=\"col-md-6 col-lg\">\n                <a class=\"js-scroll-trigger\" href=\"##globaleunternehmen\">Globale Konzerne<\/a>\n            <\/div>\n            \n        \n            <div class=\"col-md-6 col-lg\">\n                <a class=\"js-scroll-trigger\" href=\"##mittelstand\">Mittelst\u00e4ndische Unternehmen<\/a>\n            <\/div>\n            \n        \n            <div class=\"col-md-6 col-lg\">\n                <a class=\"js-scroll-trigger\" href=\"##oeffentlichersektor\">Public sector &amp; NGO<\/a>\n            <\/div>\n            \n                <\/div>                  \n    <\/div>\n<\/section>\n\n<section id=\"#globaleunternehmen\" class=\"block zweispalter\">\n    <div class=\"container pt-4 pb-0 bg-no\">\n        <div class=\"row sameheightbox\">\n                    <div class=\"col-lg-6 linke-spalte position-relative mb-5 mb-lg-0\">\n                <div class=\"module text \">\n        <h2><span class=\"textbg-inner\">Globally active companies<\/span><\/h2>\n\n    <\/div>            <\/div>\n            <div class=\"col-lg-6 rechte-spalte position-relative\">\n                <div class=\"module text \">\n        <p>Leadership knows no borders &#8211; we develop global leadership programs in over 15 languages. From conception to implementation, we support companies in establishing uniform leadership standards worldwide &#8211; with <a href=\"https:\/\/www.mensch-und-kommunikation.de\/en\/learning-formats\/\">digital learning platforms<\/a>, hybrid training and scalable qualification programs. <\/p>\n\n    <\/div>            <\/div>\n                    <\/div>\n    <\/div>\n<\/section>\n\n<section id=\"block_7338db3dd556e0dc40b01eaa71d68227\" class=\"block zweispalter\">\n    <div class=\"container pt-0 pb-normal bg-no\">\n        <div class=\"row sameheightbox\">\n                    <div class=\"col-lg-6 linke-spalte position-relative mb-5 mb-lg-0\">\n                <div class=\"modul karte\">\n    <div class=\"titel sameheightitem \"><h3><span class=\"textbg-inner\">Talent Development<\/span><\/h3>\n<\/div>\n    <div class=\"bild\"><img loading=\"lazy\" decoding=\"async\" width=\"516\" height=\"150\" src=\"https:\/\/www.mensch-und-kommunikation.de\/wp-content\/uploads\/2025\/05\/symbolbild-maschinenbau-e1746093070719-516x150.webp\" class=\"attachment-karte size-karte\" alt=\"Zwei Arbeiter in einer Maschinenhalle\" \/><\/div>\n    <div class=\"text\"><p class=\"h3\"><span class=\"textbg-inner\">Leadership Excellence auf globaler B\u00fchne<\/span>: Internationale Lernreisen f\u00fcr Talente<\/p>\n<p><strong>Unternehmen:<\/strong> Maschinenbau<br \/>\n<strong>Mitarbeitende:<\/strong> 18.000<br \/>\n<strong>F\u00fchrungskr\u00e4fte:<\/strong> 1.000<br \/>\n<strong>Internationalit\u00e4t:<\/strong> &gt;15 L\u00e4nder, 15 Sprachen<br \/>\n<strong>Herausforderungen:<\/strong> Kontinuerliches Talent Development<\/p>\n<p>F\u00fcr ein weltweit f\u00fchrendes Maschinenbauunternehmen aus dem MDAX entwickeln und begleiten wir mehrj\u00e4hrige Lernreisen zur nachhaltigen Talent- und F\u00fchrungskr\u00e4fteentwicklung.<br \/>\nMehrere hundert Teilnehmende durchlaufen j\u00e4hrlich ein ma\u00dfgeschneidertes Programm aus Blanchard<sup>\u00ae<\/sup> Trainings, individuellem Coaching und weiteren Entwicklungsma\u00dfnahmen.<br \/>\nWir verantworten die komplette Konzeption, Durchf\u00fchrung und Administration \u2013 f\u00fcr eine starke, globale F\u00fchrungskultur.<\/p>\n<\/div>\n<\/div>            <\/div>\n            <div class=\"col-lg-6 rechte-spalte position-relative\">\n                <div class=\"modul karte\">\n    <div class=\"titel sameheightitem \"><h3><span class=\"textbg-inner\">Leadership skills and employee appraisals<\/span><\/h3>\n<\/div>\n    <div class=\"bild\"><img loading=\"lazy\" decoding=\"async\" width=\"516\" height=\"150\" src=\"https:\/\/www.mensch-und-kommunikation.de\/wp-content\/uploads\/2025\/05\/symbolbild-pruefung-zertifizierung-516x150.webp\" class=\"attachment-karte size-karte\" alt=\"Zertifizierung eines Fahrzeugs\" \/><\/div>\n    <div class=\"text\"><p class=\"h3\"><span class=\"textbg-inner\">Kommunikationsst\u00e4rke entwickeln<\/span>: Lernreise f\u00fcr F\u00fchrungskr\u00e4fte<\/p>\n<p><strong>Unternehmen:<\/strong> Globales Pr\u00fcf- und Zertifizierungsunternehmen<br \/>\n<strong>Mitarbeitende:<\/strong> 23.000<br \/>\n<strong>Internationalit\u00e4t:<\/strong> 60 L\u00e4nder<br \/>\n<strong>Herausforderungen:<\/strong> Entwicklung und Implementierung eines Standards f\u00fcr Mitarbeitendengespr\u00e4che<\/p>\n<p>F\u00fcr ein international t\u00e4tiges Unternehmen im Bereich Pr\u00fcf- und Zertifizierungsdienstleistungen haben wir ein Entwicklungsprogramm zur St\u00e4rkung der Gespr\u00e4chsf\u00fchrungskompetenz von F\u00fchrungskr\u00e4ften umgesetzt.<br \/>\nIn einer virtuellen Lernreise mit Trainings, E-Learnings, Coachings und kreativen Transferma\u00dfnahmen begleiteten wir mehrere hundert F\u00fchrungskr\u00e4fte.<br \/>\nDas Programm wurde von uns in enger Zusammenarbeit mit dem Kunden konzipiert, implementiert und erfolgreich ausgerollt \u2013 f\u00fcr eine nachhaltige Verbesserung der F\u00fchrungskommunikation.<\/p>\n<\/div>\n<\/div>            <\/div>\n                    <\/div>\n    <\/div>\n<\/section>\n\n<section id=\"#mittelstand\" class=\"block zweispalter\">\n    <div class=\"container pt-4 pb-0 bg-no\">\n        <div class=\"row sameheightbox\">\n                    <div class=\"col-lg-6 linke-spalte position-relative mb-5 mb-lg-0\">\n                <div class=\"module text \">\n        <h2><span class=\"textbg-inner\">Mittelst\u00e4ndische Unternehmen<\/span><\/h2>\n\n    <\/div>            <\/div>\n            <div class=\"col-lg-6 rechte-spalte position-relative\">\n                <div class=\"module text \">\n        <p>Wir begleiten mittelst\u00e4ndische Unternehmen bei Wachstum, Ver\u00e4nderung und Nachfolge. Unsere Trainings st\u00e4rken <a href=\"https:\/\/www.mensch-und-kommunikation.de\/fuehrungstraining\/\">F\u00fchrung<\/a> und Verantwortung, f\u00f6rdern eine klare, wertsch\u00e4tzende <a href=\"https:\/\/www.mensch-und-kommunikation.de\/kommunikation-seminar\/\">Kommunikation<\/a> und unterst\u00fctzen Teams dabei, <a href=\"https:\/\/www.mensch-und-kommunikation.de\/teamentwicklung\/\">Zusammenarbeit<\/a> und Kultur zukunftsf\u00e4hig weiterzuentwickeln.<\/p>\n\n    <\/div>            <\/div>\n                    <\/div>\n    <\/div>\n<\/section>\n\n<section id=\"block_ea6654db5b55114c8d4f63c56aa24036\" class=\"block zweispalter\">\n    <div class=\"container pt-0 pb-normal bg-no\">\n        <div class=\"row sameheightbox\">\n                    <div class=\"col-lg-6 linke-spalte position-relative mb-5 mb-lg-0\">\n                <div class=\"modul karte\">\n    <div class=\"titel sameheightitem \"><h3><span class=\"textbg-inner\">Cross-Selling<\/span><\/h3>\n<\/div>\n    <div class=\"bild\"><img loading=\"lazy\" decoding=\"async\" width=\"516\" height=\"150\" src=\"https:\/\/www.mensch-und-kommunikation.de\/wp-content\/uploads\/2025\/05\/Cross-Selling-516x150.webp\" class=\"attachment-karte size-karte\" alt=\"A smiling man with short brown hair and a beard wears a headset and light blue shirt, sitting at a desk, looking at a computer monitor, appearing to assist a customer or engage in successful training and coaching projects.\" \/><\/div>\n    <div class=\"text\"><p class=\"h3\"><span class=\"textbg-inner\">Kundenansprache am Telefon<\/span>: Neuausrichtung des Vertriebs f\u00fcr eine Versicherung<\/p>\n<p><strong>Unternehmen:<\/strong> Versicherung<br \/>\n<strong>Mitarbeitende:<\/strong> 760 Mitarbeitende, 700.000 Versicherte<br \/>\n<strong>Herausforderungen:<\/strong> Wirkungsvolles Cross-Selling<\/p>\n<p>F\u00fcr ein bundesweit t\u00e4tiges Versicherungsunternehmen entwickelten wir ein Trainingsprogramm, das den <a href=\"https:\/\/www.mensch-und-kommunikation.de\/seminar\/wirkungsvoll-verkaufen-am-telefon\/\">telefonischen Vertrieb<\/a> gezielt auf wirksames Cross-Selling vorbereitete. Im Fokus standen empathische Bedarfsermittlung, aktives Zuh\u00f6ren und eine kundenorientierte Gespr\u00e4chsf\u00fchrung, die Zusatzangebote als echten Mehrwert positioniert. Ein Mix aus E-Learnings, Pr\u00e4senztrainings und Erfahrungsaustausch schuf ein lebendiges Lernumfeld. Das Programm wurde bundesweit eingef\u00fchrt und st\u00e4rkt heute nachhaltig die Cross-Selling-Kompetenz der Mitarbeitenden.<\/p>\n<\/div>\n<\/div>            <\/div>\n            <div class=\"col-lg-6 rechte-spalte position-relative\">\n                <div class=\"modul karte\">\n    <div class=\"titel sameheightitem \"><h3><span class=\"textbg-inner\">Erfolgreiches Storytelling<\/span><\/h3>\n<\/div>\n    <div class=\"bild\"><img loading=\"lazy\" decoding=\"async\" width=\"516\" height=\"150\" src=\"https:\/\/www.mensch-und-kommunikation.de\/wp-content\/uploads\/2025\/05\/Storytelling-Projektbeispiel-516x150.webp\" class=\"attachment-karte size-karte\" alt=\"A man and a woman stand at a whiteboard, collaborating on successful training and coaching projects. The man writes with a red marker, while the woman, wearing glasses, looks on thoughtfully in a bright office setting.\" \/><\/div>\n    <div class=\"text\"><p class=\"h3\"><span class=\"textbg-inner\">Pr\u00e4sentieren mit adressatengerechtem Storytelling<\/span>: Kommunikationskompetenz im Maschinenbau st\u00e4rken<\/p>\n<p><strong>Unternehmen:<\/strong> Maschinenbau<br \/>\n<strong>Mitarbeitende:<\/strong> 22.000<br \/>\n<strong>Herausforderungen:<\/strong> Adressatengerechtes Storytelling in Pr\u00e4sentationen unter Ber\u00fccksichtigung unterschiedlicher Kommunikations- und Pers\u00f6nlichkeitsstile<\/p>\n<p>F\u00fcr ein f\u00fchrendes Maschinenbauunternehmen entwickelten wir ein Trainingskonzept, das Mitarbeitende mit Hilfe von <a href=\"https:\/\/www.mensch-und-kommunikation.de\/seminar\/insights-discovery-persoenlichkeitsprofile\/\">Insights Discovery<\/a><sup>\u00ae<\/sup> gezielt im <a href=\"https:\/\/www.mensch-und-kommunikation.de\/seminar\/storytelling-training\/\">Storytelling<\/a> st\u00e4rkt. Technische Inhalte werden klar, \u00fcberzeugend und kundenorientiert pr\u00e4sentiert \u2013 angepasst an unterschiedliche Kommunikationsstile. Interaktive Trainings, Peer-Feedback und praxisnahe Tools erm\u00f6glichen die direkte Umsetzung im Alltag. Das deutschlandweit ausgerollte Programm st\u00e4rkt Kommunikation, Kundenbindung und Projekterfolg nachhaltig.<\/p>\n<\/div>\n<\/div>            <\/div>\n                    <\/div>\n    <\/div>\n<\/section>\n\n<section id=\"#oeffentlichersektor\" class=\"block zweispalter\">\n    <div class=\"container pt-normal pb-0 bg-no\">\n        <div class=\"row sameheightbox\">\n                    <div class=\"col-lg-6 linke-spalte position-relative mb-5 mb-lg-0\">\n                <div class=\"module text \">\n        <h2><span class=\"textbg-inner\">Public sector &amp; NGOs<\/span><\/h2>\n\n    <\/div>            <\/div>\n            <div class=\"col-lg-6 rechte-spalte position-relative\">\n                <div class=\"module text \">\n        <p>Complex structures, high demands on transparency and a dynamic environment: projects in the public sector require tailor-made solutions that think systemically, strengthen attitudes and enable change. Our work in this area shows how effective learning can succeed even under special conditions. <\/p>\n\n    <\/div>            <\/div>\n                    <\/div>\n    <\/div>\n<\/section>\n\n<section id=\"block_359489eed744494b6d2365df0da14cd8\" class=\"block zweispalter\">\n    <div class=\"container pt-0 pb-normal bg-no\">\n        <div class=\"row sameheightbox\">\n                    <div class=\"col-lg-6 linke-spalte position-relative mb-5 mb-lg-0\">\n                <div class=\"modul karte\">\n    <div class=\"titel sameheightitem \"><h3><span class=\"textbg-inner\">Performance management and building trust<\/span><\/h3>\n<\/div>\n    <div class=\"bild\"><img loading=\"lazy\" decoding=\"async\" width=\"516\" height=\"150\" src=\"https:\/\/www.mensch-und-kommunikation.de\/wp-content\/uploads\/2025\/05\/Mitarbeiterin-Krankenkasse-516x150.webp\" class=\"attachment-karte size-karte\" alt=\"A woman with long blonde hair and a blue blazer sits at a desk, smiling while working on a computer in an office setting. Two computer monitors are visible in the foreground.\" \/><\/div>\n    <div class=\"text\"><h3 class=\"h3\">New performance reviews for a new working reality: <span class=\"textbg-inner\">KPI-based management<\/span> in statutory health insurance<\/h3>\n<p><strong>Company:<\/strong> Statutory health insurance<br \/>\n<strong>Employees:<\/strong> 8,000<br \/>\n<strong>Focus:<\/strong> Germany-wide<br \/>\n<strong>Challenges:<\/strong> Implementation and support of a project for KPI-driven performance discussions<\/p>\n<p>We developed a program to further develop performance management processes and strengthen a trusting management culture for a nationwide statutory health insurance company.<br \/>\nThe focus was on the introduction of structured, KPI-based employee appraisals &#8211; with the aim of making performance transparent and simultaneously promoting trust through dialogue.<br \/>\nWe supported managers in several phases through training, practical workshops and accompanying transfer formats. Together with the client, we developed an individual implementation concept that promotes both measurable results and a stronger relationship culture.<br \/>\nThe project was successfully rolled out &#8211; as the basis for a new quality of performance reviews. <\/p>\n<\/div>\n<\/div>            <\/div>\n            <div class=\"col-lg-6 rechte-spalte position-relative\">\n                <div class=\"modul karte\">\n    <div class=\"titel sameheightitem \"><h3><span class=\"textbg-inner\">Networking and building trust<\/span><\/h3>\n<\/div>\n    <div class=\"bild\"><img loading=\"lazy\" decoding=\"async\" width=\"516\" height=\"150\" src=\"https:\/\/www.mensch-und-kommunikation.de\/wp-content\/uploads\/2025\/05\/Mitarbeitende-NGO-516x150.webp\" class=\"attachment-karte size-karte\" alt=\"Three people wearing yellow shirts volunteer together, sorting canned food into boxes in a bright room with large windows. One person writes on a clipboard, while another organizes cans in the foreground.\" \/><\/div>\n    <div class=\"text\"><div class=\"text\">\n<h3 class=\"h3\">When communication builds bridges: <span class=\"textbg-inner\">storytelling and networking<\/span> in 89 countries<\/h3>\n<p><strong>Company:<\/strong> International NGO<br \/>\n<strong>Employees:<\/strong> &gt;1,000<br \/>\n<strong>Focus:<\/strong> Represented in 89 countries<br \/>\n<strong>Challenges:<\/strong> Considering the intercultural context in networking, storytelling and consulting<\/p>\n<p>For a globally active NGO, we designed a development program that supports employees worldwide in networking professionally, arousing interest among stakeholders and building sustainable relationships.<br \/>\nA special focus was placed on intercultural sensitivity &#8211; crucial for topics such as storytelling, relationship building and consulting processes in an international context.<br \/>\nIn a multi-stage learning journey, we combined interactive digital modules and collaborative exchange formats. This created practical learning spaces that took into account both cultural differences and common communication principles.<br \/>\nThe programme was developed together with the organization and rolled out globally &#8211; for effective communication and a stronger connection to relevant target groups. <\/p>\n<\/div>\n<\/div>\n<\/div>            <\/div>\n                    <\/div>\n    <\/div>\n<\/section>\n\n<section id=\"block_7856e06916ca9d3fd09e48d3a8ca03f6\" class=\"block zweispalter\">\n    <div class=\"container pt-normal pb-normal bg-no\">\n        <div class=\"row sameheightbox\">\n                    <div class=\"col-lg-6 linke-spalte position-relative mb-5 mb-lg-0\">\n                <div class=\"module text \">\n        <h2>Ver\u00e4nderung braucht <span class=\"textbg-inner\">Vertrauen<\/span><\/h2>\n<p class=\"subhead\">In Menschen, in Prozesse, in die richtige Begleitung<\/p>\n<p>Seit \u00fcber 15 Jahren steht m&amp;k f\u00fcr praxisnahe Trainingsl\u00f6sungen, die F\u00fchrung und Kommunikation nachhaltig st\u00e4rken. Individuell, skalierbar, wirksam \u2013 nahtlos integriert in Ihre Organisation.<\/p>\n<p>Mit h\u00f6chster Professionalit\u00e4t, Weitblick und Flexibilit\u00e4t begleiten wir Sie dabei, eine starke F\u00fchrungs- und Kommunikationskultur aufzubauen.<\/p>\n<p><a class=\"btn btn-primary\" href=\"#\">Wie wir arbeiten<\/a><\/p>\n\n    <\/div>            <\/div>\n            <div class=\"col-lg-6 rechte-spalte position-relative\">\n                <img loading=\"lazy\" decoding=\"async\" width=\"640\" height=\"494\" src=\"https:\/\/www.mensch-und-kommunikation.de\/wp-content\/uploads\/2025\/03\/Group-189-640x494.png\" class=\"attachment-zweispalter size-zweispalter\" alt=\"Zwei Frauen l\u00e4cheln in die Kamera \u2013 eine mit langen braunen Haaren, gemustertem Hemd und Jeans, die andere mit kurzen grauen Haaren und gestreiftem Hemd \u2013 vor einem Hintergrund mit \u00fcberlappenden gr\u00fcnen und blaugr\u00fcnen Kreisen und machen Werbung f\u00fcr \u201eWeiterbildung f\u00fcr F\u00fchrung und Kommunikation\u201c.\" srcset=\"https:\/\/www.mensch-und-kommunikation.de\/wp-content\/uploads\/2025\/03\/Group-189-640x494.png 640w, https:\/\/www.mensch-und-kommunikation.de\/wp-content\/uploads\/2025\/03\/Group-189-300x231.png 300w, https:\/\/www.mensch-und-kommunikation.de\/wp-content\/uploads\/2025\/03\/Group-189-768x592.png 768w, https:\/\/www.mensch-und-kommunikation.de\/wp-content\/uploads\/2025\/03\/Group-189-660x509.png 660w, https:\/\/www.mensch-und-kommunikation.de\/wp-content\/uploads\/2025\/03\/Group-189-880x679.png 880w, https:\/\/www.mensch-und-kommunikation.de\/wp-content\/uploads\/2025\/03\/Group-189-260x200.png 260w, https:\/\/www.mensch-und-kommunikation.de\/wp-content\/uploads\/2025\/03\/Group-189.png 948w\" sizes=\"auto, (max-width: 640px) 100vw, 640px\" \/><div class=\"mb-4 abstand\">\n<\/div>\t<div class=\"module zahlen\">\n    <div class=\"row\">\n        <div class=\"col-4\">\n            <span class=\"zahl\">9.000<\/span>\n            +            <div class=\"bez\">Seminars and training courses held<\/div>\n        <\/div>\n        <div class=\"col-4\">\n            <span class=\"zahl\">30<\/span>\n                        <div class=\"bez\">Languages for training availability<\/div>\n        <\/div>\n        <div class=\"col-4\">\n            <span class=\"zahl\">50<\/span>\n            +            <div class=\"bez\">Trainers and coaches<\/div>\n        <\/div>\n    <\/div>\n<\/div>            <\/div>\n                    <\/div>\n    <\/div>\n<\/section>\n\n<section id=\"block_a512b48b589195d84d9a2d3f65448e0d\" class=\"block zweispalter\">\n    <div class=\"container pt-normal pb-normal bg-no\">\n        <div class=\"row sameheightbox\">\n                    <div class=\"col-lg-6 linke-spalte position-relative mb-5 mb-lg-0\">\n                <img loading=\"lazy\" decoding=\"async\" width=\"632\" height=\"498\" src=\"https:\/\/www.mensch-und-kommunikation.de\/wp-content\/uploads\/2025\/04\/Group-359.png\" class=\"attachment-zweispalter size-zweispalter\" alt=\"Jaqui Mackedanz, eine Frau mit langem, welligem blondem Haar, die einen braunen Blazer \u00fcber einem schwarzen Spitzentop tr\u00e4gt, steht vor \u00fcberlappenden blauen und gr\u00fcnen Kreisgrafiken.\" srcset=\"https:\/\/www.mensch-und-kommunikation.de\/wp-content\/uploads\/2025\/04\/Group-359.png 632w, https:\/\/www.mensch-und-kommunikation.de\/wp-content\/uploads\/2025\/04\/Group-359-300x236.png 300w, https:\/\/www.mensch-und-kommunikation.de\/wp-content\/uploads\/2025\/04\/Group-359-260x205.png 260w\" sizes=\"auto, (max-width: 632px) 100vw, 632px\" \/><div class=\"module text rahmen\">\n        <p><strong>Jaqui Mackedanz<\/strong><br \/>\nL&amp;D Specialist<br \/>\n<a class=\"maillink\" href=\"mailto:info@menschundkommunikation.de\">info@menschundkommunikation.de<\/a><br \/>\n<a class=\"phonelink\" href=\"tel:+49%20(89)%2041%2061%2037%20800\">+49 (89) 41 61 37 800<\/a><\/p>\n\n    <\/div>            <\/div>\n            <div class=\"col-lg-6 rechte-spalte position-relative\">\n                <div class=\"module text \">\n        <h2><span class=\"textbg-inner\">Contact us<\/span><\/h2>\n<p>Get in touch with us! Our L&amp;D team will get back to you promptly to provide you with expert support. <\/p>\n<p class=\"wpcf7-contact-form-not-found\"><strong>Error:<\/strong> Contact form not found.<\/p>\n\n    <\/div>            <\/div>\n                    <\/div>\n    <\/div>\n<\/section>\n\n","protected":false},"excerpt":{"rendered":"","protected":false},"author":2,"featured_media":0,"parent":0,"menu_order":0,"comment_status":"closed","ping_status":"closed","template":"","meta":{"_acf_changed":false,"footnotes":""},"class_list":["post-3107","page","type-page","status-publish","hentry"],"acf":[],"yoast_head":"<!-- This site is optimized with the Yoast SEO Premium plugin v27.3 (Yoast SEO v27.5) - https:\/\/yoast.com\/product\/yoast-seo-premium-wordpress\/ -->\n<title>Projects - mensch &amp; kommunikation<\/title>\n<meta name=\"description\" content=\"Insights into training and coaching projects: Find out how we effectively support successful projects on the topics of leadership, communication and cultural development in companies.\" \/>\n<meta name=\"robots\" content=\"index, follow, max-snippet:-1, max-image-preview:large, max-video-preview:-1\" \/>\n<link rel=\"canonical\" href=\"https:\/\/www.mensch-und-kommunikation.de\/en\/projects-2\/\" \/>\n<meta property=\"og:locale\" content=\"en_US\" \/>\n<meta property=\"og:type\" content=\"article\" \/>\n<meta property=\"og:title\" content=\"Projects\" \/>\n<meta property=\"og:description\" content=\"Insights into training and coaching projects: Find out how we effectively support successful projects on the topics of leadership, communication and cultural development in companies.\" \/>\n<meta property=\"og:url\" content=\"https:\/\/www.mensch-und-kommunikation.de\/en\/projects-2\/\" \/>\n<meta property=\"og:site_name\" content=\"mensch &amp; kommunikation\" \/>\n<meta name=\"twitter:card\" content=\"summary_large_image\" \/>\n<script type=\"application\/ld+json\" class=\"yoast-schema-graph\">{\"@context\":\"https:\\\/\\\/schema.org\",\"@graph\":[{\"@type\":\"WebPage\",\"@id\":\"https:\\\/\\\/www.mensch-und-kommunikation.de\\\/en\\\/projects-2\\\/\",\"url\":\"https:\\\/\\\/www.mensch-und-kommunikation.de\\\/en\\\/projects-2\\\/\",\"name\":\"Projects - mensch &amp; kommunikation\",\"isPartOf\":{\"@id\":\"https:\\\/\\\/www.mensch-und-kommunikation.de\\\/en\\\/#website\"},\"datePublished\":\"2025-07-24T13:52:38+00:00\",\"description\":\"Insights into training and coaching projects: Find out how we effectively support successful projects on the topics of leadership, communication and cultural development in companies.\",\"breadcrumb\":{\"@id\":\"https:\\\/\\\/www.mensch-und-kommunikation.de\\\/en\\\/projects-2\\\/#breadcrumb\"},\"inLanguage\":\"en-US\",\"potentialAction\":[{\"@type\":\"ReadAction\",\"target\":[\"https:\\\/\\\/www.mensch-und-kommunikation.de\\\/en\\\/projects-2\\\/\"]}]},{\"@type\":\"BreadcrumbList\",\"@id\":\"https:\\\/\\\/www.mensch-und-kommunikation.de\\\/en\\\/projects-2\\\/#breadcrumb\",\"itemListElement\":[{\"@type\":\"ListItem\",\"position\":1,\"name\":\"Home\",\"item\":\"https:\\\/\\\/www.mensch-und-kommunikation.de\\\/en\\\/\"},{\"@type\":\"ListItem\",\"position\":2,\"name\":\"Projects\"}]},{\"@type\":\"WebSite\",\"@id\":\"https:\\\/\\\/www.mensch-und-kommunikation.de\\\/en\\\/#website\",\"url\":\"https:\\\/\\\/www.mensch-und-kommunikation.de\\\/en\\\/\",\"name\":\"mensch & kommunikation\",\"description\":\"learn. develop. grow.\",\"publisher\":{\"@id\":\"https:\\\/\\\/www.mensch-und-kommunikation.de\\\/en\\\/#organization\"},\"alternateName\":\"m&k\",\"potentialAction\":[{\"@type\":\"SearchAction\",\"target\":{\"@type\":\"EntryPoint\",\"urlTemplate\":\"https:\\\/\\\/www.mensch-und-kommunikation.de\\\/en\\\/?s={search_term_string}\"},\"query-input\":{\"@type\":\"PropertyValueSpecification\",\"valueRequired\":true,\"valueName\":\"search_term_string\"}}],\"inLanguage\":\"en-US\"},{\"@type\":\"Organization\",\"@id\":\"https:\\\/\\\/www.mensch-und-kommunikation.de\\\/en\\\/#organization\",\"name\":\"mensch & kommunikation GmbH\",\"url\":\"https:\\\/\\\/www.mensch-und-kommunikation.de\\\/en\\\/\",\"logo\":{\"@type\":\"ImageObject\",\"inLanguage\":\"en-US\",\"@id\":\"https:\\\/\\\/www.mensch-und-kommunikation.de\\\/en\\\/#\\\/schema\\\/logo\\\/image\\\/\",\"url\":\"https:\\\/\\\/www.mensch-und-kommunikation.de\\\/wp-content\\\/uploads\\\/2025\\\/05\\\/Logo-mk-Claim-2023-RGB-1000px-Kopie.jpg\",\"contentUrl\":\"https:\\\/\\\/www.mensch-und-kommunikation.de\\\/wp-content\\\/uploads\\\/2025\\\/05\\\/Logo-mk-Claim-2023-RGB-1000px-Kopie.jpg\",\"width\":1000,\"height\":521,\"caption\":\"mensch & kommunikation GmbH\"},\"image\":{\"@id\":\"https:\\\/\\\/www.mensch-und-kommunikation.de\\\/en\\\/#\\\/schema\\\/logo\\\/image\\\/\"},\"sameAs\":[\"https:\\\/\\\/www.linkedin.com\\\/company\\\/mensch-kommunikation-gmbh\"],\"description\":\"Die mensch & kommunikation GmbH ist ein seit 2011 etablierter Anbieter von Kommunikationtrainings und F\u00fchrungstrainings mit dem Fokus auf mittlere und gro\u00dfe Organisationen und Unternehmen. Wir sind als Blanchard Global Partner zertifiziert\",\"email\":\"info@menschundkommunikation.de\",\"telephone\":\"+49 89 41 61 37 800\",\"legalName\":\"mensch & kommunikation GmbH\",\"foundingDate\":\"2011-01-02\",\"vatID\":\"DE275433591\",\"duns\":\"341895701\",\"leiCode\":\"9845004FF1F8DC08B449\",\"numberOfEmployees\":{\"@type\":\"QuantitativeValue\",\"minValue\":\"1\",\"maxValue\":\"10\"}}]}<\/script>\n<!-- \/ Yoast SEO Premium plugin. -->","yoast_head_json":{"title":"Projects - mensch &amp; kommunikation","description":"Insights into training and coaching projects: Find out how we effectively support successful projects on the topics of leadership, communication and cultural development in companies.","robots":{"index":"index","follow":"follow","max-snippet":"max-snippet:-1","max-image-preview":"max-image-preview:large","max-video-preview":"max-video-preview:-1"},"canonical":"https:\/\/www.mensch-und-kommunikation.de\/en\/projects-2\/","og_locale":"en_US","og_type":"article","og_title":"Projects","og_description":"Insights into training and coaching projects: Find out how we effectively support successful projects on the topics of leadership, communication and cultural development in companies.","og_url":"https:\/\/www.mensch-und-kommunikation.de\/en\/projects-2\/","og_site_name":"mensch &amp; kommunikation","twitter_card":"summary_large_image","schema":{"@context":"https:\/\/schema.org","@graph":[{"@type":"WebPage","@id":"https:\/\/www.mensch-und-kommunikation.de\/en\/projects-2\/","url":"https:\/\/www.mensch-und-kommunikation.de\/en\/projects-2\/","name":"Projects - mensch &amp; kommunikation","isPartOf":{"@id":"https:\/\/www.mensch-und-kommunikation.de\/en\/#website"},"datePublished":"2025-07-24T13:52:38+00:00","description":"Insights into training and coaching projects: Find out how we effectively support successful projects on the topics of leadership, communication and cultural development in companies.","breadcrumb":{"@id":"https:\/\/www.mensch-und-kommunikation.de\/en\/projects-2\/#breadcrumb"},"inLanguage":"en-US","potentialAction":[{"@type":"ReadAction","target":["https:\/\/www.mensch-und-kommunikation.de\/en\/projects-2\/"]}]},{"@type":"BreadcrumbList","@id":"https:\/\/www.mensch-und-kommunikation.de\/en\/projects-2\/#breadcrumb","itemListElement":[{"@type":"ListItem","position":1,"name":"Home","item":"https:\/\/www.mensch-und-kommunikation.de\/en\/"},{"@type":"ListItem","position":2,"name":"Projects"}]},{"@type":"WebSite","@id":"https:\/\/www.mensch-und-kommunikation.de\/en\/#website","url":"https:\/\/www.mensch-und-kommunikation.de\/en\/","name":"mensch & kommunikation","description":"learn. develop. grow.","publisher":{"@id":"https:\/\/www.mensch-und-kommunikation.de\/en\/#organization"},"alternateName":"m&k","potentialAction":[{"@type":"SearchAction","target":{"@type":"EntryPoint","urlTemplate":"https:\/\/www.mensch-und-kommunikation.de\/en\/?s={search_term_string}"},"query-input":{"@type":"PropertyValueSpecification","valueRequired":true,"valueName":"search_term_string"}}],"inLanguage":"en-US"},{"@type":"Organization","@id":"https:\/\/www.mensch-und-kommunikation.de\/en\/#organization","name":"mensch & kommunikation GmbH","url":"https:\/\/www.mensch-und-kommunikation.de\/en\/","logo":{"@type":"ImageObject","inLanguage":"en-US","@id":"https:\/\/www.mensch-und-kommunikation.de\/en\/#\/schema\/logo\/image\/","url":"https:\/\/www.mensch-und-kommunikation.de\/wp-content\/uploads\/2025\/05\/Logo-mk-Claim-2023-RGB-1000px-Kopie.jpg","contentUrl":"https:\/\/www.mensch-und-kommunikation.de\/wp-content\/uploads\/2025\/05\/Logo-mk-Claim-2023-RGB-1000px-Kopie.jpg","width":1000,"height":521,"caption":"mensch & kommunikation GmbH"},"image":{"@id":"https:\/\/www.mensch-und-kommunikation.de\/en\/#\/schema\/logo\/image\/"},"sameAs":["https:\/\/www.linkedin.com\/company\/mensch-kommunikation-gmbh"],"description":"Die mensch & kommunikation GmbH ist ein seit 2011 etablierter Anbieter von Kommunikationtrainings und F\u00fchrungstrainings mit dem Fokus auf mittlere und gro\u00dfe Organisationen und Unternehmen. Wir sind als Blanchard Global Partner zertifiziert","email":"info@menschundkommunikation.de","telephone":"+49 89 41 61 37 800","legalName":"mensch & kommunikation GmbH","foundingDate":"2011-01-02","vatID":"DE275433591","duns":"341895701","leiCode":"9845004FF1F8DC08B449","numberOfEmployees":{"@type":"QuantitativeValue","minValue":"1","maxValue":"10"}}]}},"_links":{"self":[{"href":"https:\/\/www.mensch-und-kommunikation.de\/en\/wp-json\/wp\/v2\/pages\/3107","targetHints":{"allow":["GET"]}}],"collection":[{"href":"https:\/\/www.mensch-und-kommunikation.de\/en\/wp-json\/wp\/v2\/pages"}],"about":[{"href":"https:\/\/www.mensch-und-kommunikation.de\/en\/wp-json\/wp\/v2\/types\/page"}],"author":[{"embeddable":true,"href":"https:\/\/www.mensch-und-kommunikation.de\/en\/wp-json\/wp\/v2\/users\/2"}],"replies":[{"embeddable":true,"href":"https:\/\/www.mensch-und-kommunikation.de\/en\/wp-json\/wp\/v2\/comments?post=3107"}],"version-history":[{"count":1,"href":"https:\/\/www.mensch-und-kommunikation.de\/en\/wp-json\/wp\/v2\/pages\/3107\/revisions"}],"predecessor-version":[{"id":3108,"href":"https:\/\/www.mensch-und-kommunikation.de\/en\/wp-json\/wp\/v2\/pages\/3107\/revisions\/3108"}],"wp:attachment":[{"href":"https:\/\/www.mensch-und-kommunikation.de\/en\/wp-json\/wp\/v2\/media?parent=3107"}],"curies":[{"name":"wp","href":"https:\/\/api.w.org\/{rel}","templated":true}]}}